{"id":134,"date":"2022-12-03T20:06:10","date_gmt":"2022-12-03T20:06:10","guid":{"rendered":"https:\/\/ladhu.com.br\/?page_id=134"},"modified":"2023-08-17T02:45:56","modified_gmt":"2023-08-17T02:45:56","slug":"publicacoes-livros-capituls-e-artigos","status":"publish","type":"page","link":"https:\/\/ladhu.com.br\/?page_id=134","title":{"rendered":"OUTRAS PUBLICA\u00c7\u00d5ES"},"content":{"rendered":"\t\t<div data-elementor-type=\"wp-page\" data-elementor-id=\"134\" class=\"elementor elementor-134\">\n\t\t\t\t\t\t<section class=\"elementor-section elementor-top-section elementor-element elementor-element-4894028a elementor-section-full_width elementor-section-height-min-height elementor-section-content-middle elementor-section-stretched elementor-section-height-default elementor-section-items-middle\" data-id=\"4894028a\" data-element_type=\"section\" data-e-type=\"section\" id=\"home\" data-settings=\"{&quot;stretch_section&quot;:&quot;section-stretched&quot;,&quot;background_background&quot;:&quot;classic&quot;}\">\n\t\t\t\t\t\t<div class=\"elementor-container elementor-column-gap-no\">\n\t\t\t\t\t<div class=\"elementor-column elementor-col-25 elementor-top-column elementor-element elementor-element-16fb029b\" data-id=\"16fb029b\" data-element_type=\"column\" data-e-type=\"column\">\n\t\t\t<div class=\"elementor-widget-wrap elementor-element-populated\">\n\t\t\t\t\t\t<div class=\"elementor-element elementor-element-371d9174 elementor-widget elementor-widget-spacer\" data-id=\"371d9174\" data-element_type=\"widget\" data-e-type=\"widget\" data-widget_type=\"spacer.default\">\n\t\t\t\t<div class=\"elementor-widget-container\">\n\t\t\t\t\t\t\t<div class=\"elementor-spacer\">\n\t\t\t<div class=\"elementor-spacer-inner\"><\/div>\n\t\t<\/div>\n\t\t\t\t\t\t<\/div>\n\t\t\t\t<\/div>\n\t\t\t\t\t<\/div>\n\t\t<\/div>\n\t\t\t\t<div class=\"elementor-column elementor-col-25 elementor-top-column elementor-element elementor-element-6e37f1af\" data-id=\"6e37f1af\" data-element_type=\"column\" data-e-type=\"column\">\n\t\t\t<div class=\"elementor-widget-wrap elementor-element-populated\">\n\t\t\t\t\t\t<div class=\"elementor-element elementor-element-38a1d973 elementor-widget elementor-widget-theme-site-logo elementor-widget-image\" data-id=\"38a1d973\" data-element_type=\"widget\" data-e-type=\"widget\" data-widget_type=\"theme-site-logo.default\">\n\t\t\t\t<div class=\"elementor-widget-container\">\n\t\t\t\t\t\t\t\t\t\t\t\t\t\t\t\t<a href=\"https:\/\/ladhu.com.br\">\n\t\t\t\t\t\t\t<img decoding=\"async\" width=\"144\" height=\"125\" src=\"https:\/\/ladhu.com.br\/wp-content\/uploads\/2022\/12\/Logo-Ladhu-Sem-Fundo-Icone.png\" class=\"attachment-full size-full wp-image-159\" alt=\"\" \/>\t\t\t\t\t\t\t\t<\/a>\n\t\t\t\t\t\t\t\t\t\t\t\t\t\t\t<\/div>\n\t\t\t\t<\/div>\n\t\t\t\t\t<\/div>\n\t\t<\/div>\n\t\t\t\t<div class=\"elementor-column elementor-col-25 elementor-top-column elementor-element elementor-element-419d64fe\" data-id=\"419d64fe\" data-element_type=\"column\" data-e-type=\"column\">\n\t\t\t<div class=\"elementor-widget-wrap elementor-element-populated\">\n\t\t\t\t\t\t<div class=\"elementor-element elementor-element-6c5a5597 elementor-nav-menu__align-center elementor-nav-menu--dropdown-tablet elementor-nav-menu__text-align-aside elementor-nav-menu--toggle elementor-nav-menu--burger elementor-widget elementor-widget-nav-menu\" data-id=\"6c5a5597\" data-element_type=\"widget\" data-e-type=\"widget\" data-settings=\"{&quot;layout&quot;:&quot;horizontal&quot;,&quot;submenu_icon&quot;:{&quot;value&quot;:&quot;&lt;svg class=\\&quot;e-font-icon-svg e-fas-caret-down\\&quot; viewBox=\\&quot;0 0 320 512\\&quot; xmlns=\\&quot;http:\\\/\\\/www.w3.org\\\/2000\\\/svg\\&quot;&gt;&lt;path d=\\&quot;M31.3 192h257.3c17.8 0 26.7 21.5 14.1 34.1L174.1 354.8c-7.8 7.8-20.5 7.8-28.3 0L17.2 226.1C4.6 213.5 13.5 192 31.3 192z\\&quot;&gt;&lt;\\\/path&gt;&lt;\\\/svg&gt;&quot;,&quot;library&quot;:&quot;fa-solid&quot;},&quot;toggle&quot;:&quot;burger&quot;}\" data-widget_type=\"nav-menu.default\">\n\t\t\t\t<div class=\"elementor-widget-container\">\n\t\t\t\t\t\t\t\t<nav migration_allowed=\"1\" migrated=\"0\" role=\"navigation\" class=\"elementor-nav-menu--main elementor-nav-menu__container elementor-nav-menu--layout-horizontal e--pointer-underline e--animation-fade\">\n\t\t\t\t<ul id=\"menu-1-6c5a5597\" class=\"elementor-nav-menu\"><li class=\"menu-item menu-item-type-post_type menu-item-object-page menu-item-home menu-item-1966\"><a href=\"https:\/\/ladhu.com.br\/\" class=\"elementor-item\">IN\u00cdCIO<\/a><\/li>\n<li class=\"menu-item menu-item-type-post_type menu-item-object-page menu-item-1968\"><a href=\"https:\/\/ladhu.com.br\/?page_id=116\" class=\"elementor-item\">EQUIPE<\/a><\/li>\n<li class=\"menu-item menu-item-type-post_type menu-item-object-page menu-item-1969\"><a href=\"https:\/\/ladhu.com.br\/?page_id=119\" class=\"elementor-item\">LINHAS DE PESQUISA<\/a><\/li>\n<li class=\"menu-item menu-item-type-post_type menu-item-object-page menu-item-1970\"><a href=\"https:\/\/ladhu.com.br\/?page_id=1476\" class=\"elementor-item\">LIVROS<\/a><\/li>\n<li class=\"menu-item menu-item-type-custom menu-item-object-custom menu-item-has-children menu-item-1975\"><a class=\"elementor-item\">MAIS<\/a>\n<ul class=\"sub-menu elementor-nav-menu--dropdown\">\n\t<li class=\"menu-item menu-item-type-post_type menu-item-object-page menu-item-1967\"><a href=\"https:\/\/ladhu.com.br\/?page_id=1519\" class=\"elementor-sub-item\">CAP\u00cdTULOS<\/a><\/li>\n\t<li class=\"menu-item menu-item-type-post_type menu-item-object-page menu-item-1974\"><a href=\"https:\/\/ladhu.com.br\/?page_id=134\" class=\"elementor-sub-item\">OUTRAS PUBLICA\u00c7\u00d5ES<\/a><\/li>\n\t<li class=\"menu-item menu-item-type-post_type menu-item-object-page menu-item-1973\"><a href=\"https:\/\/ladhu.com.br\/?page_id=128\" class=\"elementor-sub-item\">PROJETOS DE PESQUISA<\/a><\/li>\n\t<li class=\"menu-item menu-item-type-post_type menu-item-object-page menu-item-1972\"><a href=\"https:\/\/ladhu.com.br\/?page_id=1341\" class=\"elementor-sub-item\">POJETOS DE EXTENS\u00c3O<\/a><\/li>\n<\/ul>\n<\/li>\n<\/ul>\t\t\t<\/nav>\n\t\t\t\t\t<div class=\"elementor-menu-toggle\" role=\"button\" tabindex=\"0\" aria-label=\"Menu Toggle\" aria-expanded=\"false\">\n\t\t\t<svg aria-hidden=\"true\" role=\"presentation\" class=\"elementor-menu-toggle__icon--open e-font-icon-svg e-eicon-menu-bar\" viewBox=\"0 0 1000 1000\" xmlns=\"http:\/\/www.w3.org\/2000\/svg\"><path d=\"M104 333H896C929 333 958 304 958 271S929 208 896 208H104C71 208 42 237 42 271S71 333 104 333ZM104 583H896C929 583 958 554 958 521S929 458 896 458H104C71 458 42 487 42 521S71 583 104 583ZM104 833H896C929 833 958 804 958 771S929 708 896 708H104C71 708 42 737 42 771S71 833 104 833Z\"><\/path><\/svg><svg aria-hidden=\"true\" role=\"presentation\" class=\"elementor-menu-toggle__icon--close e-font-icon-svg e-eicon-close\" viewBox=\"0 0 1000 1000\" xmlns=\"http:\/\/www.w3.org\/2000\/svg\"><path d=\"M742 167L500 408 258 167C246 154 233 150 217 150 196 150 179 158 167 167 154 179 150 196 150 212 150 229 154 242 171 254L408 500 167 742C138 771 138 800 167 829 196 858 225 858 254 829L496 587 738 829C750 842 767 846 783 846 800 846 817 842 829 829 842 817 846 804 846 783 846 767 842 750 829 737L588 500 833 258C863 229 863 200 833 171 804 137 775 137 742 167Z\"><\/path><\/svg>\t\t\t<span class=\"elementor-screen-only\">Menu<\/span>\n\t\t<\/div>\n\t\t\t<nav class=\"elementor-nav-menu--dropdown elementor-nav-menu__container\" role=\"navigation\" aria-hidden=\"true\">\n\t\t\t\t<ul id=\"menu-2-6c5a5597\" class=\"elementor-nav-menu\"><li class=\"menu-item menu-item-type-post_type menu-item-object-page menu-item-home menu-item-1966\"><a href=\"https:\/\/ladhu.com.br\/\" class=\"elementor-item\" tabindex=\"-1\">IN\u00cdCIO<\/a><\/li>\n<li class=\"menu-item menu-item-type-post_type menu-item-object-page menu-item-1968\"><a href=\"https:\/\/ladhu.com.br\/?page_id=116\" class=\"elementor-item\" tabindex=\"-1\">EQUIPE<\/a><\/li>\n<li class=\"menu-item menu-item-type-post_type menu-item-object-page menu-item-1969\"><a href=\"https:\/\/ladhu.com.br\/?page_id=119\" class=\"elementor-item\" tabindex=\"-1\">LINHAS DE PESQUISA<\/a><\/li>\n<li class=\"menu-item menu-item-type-post_type menu-item-object-page menu-item-1970\"><a href=\"https:\/\/ladhu.com.br\/?page_id=1476\" class=\"elementor-item\" tabindex=\"-1\">LIVROS<\/a><\/li>\n<li class=\"menu-item menu-item-type-custom menu-item-object-custom menu-item-has-children menu-item-1975\"><a class=\"elementor-item\" tabindex=\"-1\">MAIS<\/a>\n<ul class=\"sub-menu elementor-nav-menu--dropdown\">\n\t<li class=\"menu-item menu-item-type-post_type menu-item-object-page menu-item-1967\"><a href=\"https:\/\/ladhu.com.br\/?page_id=1519\" class=\"elementor-sub-item\" tabindex=\"-1\">CAP\u00cdTULOS<\/a><\/li>\n\t<li class=\"menu-item menu-item-type-post_type menu-item-object-page menu-item-1974\"><a href=\"https:\/\/ladhu.com.br\/?page_id=134\" class=\"elementor-sub-item\" tabindex=\"-1\">OUTRAS PUBLICA\u00c7\u00d5ES<\/a><\/li>\n\t<li class=\"menu-item menu-item-type-post_type menu-item-object-page menu-item-1973\"><a href=\"https:\/\/ladhu.com.br\/?page_id=128\" class=\"elementor-sub-item\" tabindex=\"-1\">PROJETOS DE PESQUISA<\/a><\/li>\n\t<li class=\"menu-item menu-item-type-post_type menu-item-object-page menu-item-1972\"><a href=\"https:\/\/ladhu.com.br\/?page_id=1341\" class=\"elementor-sub-item\" tabindex=\"-1\">POJETOS DE EXTENS\u00c3O<\/a><\/li>\n<\/ul>\n<\/li>\n<\/ul>\t\t\t<\/nav>\n\t\t\t\t\t\t<\/div>\n\t\t\t\t<\/div>\n\t\t\t\t\t<\/div>\n\t\t<\/div>\n\t\t\t\t<div class=\"elementor-column elementor-col-25 elementor-top-column elementor-element elementor-element-f40ec02\" data-id=\"f40ec02\" data-element_type=\"column\" data-e-type=\"column\">\n\t\t\t<div class=\"elementor-widget-wrap elementor-element-populated\">\n\t\t\t\t\t\t<div class=\"elementor-element elementor-element-794db00c elementor-widget elementor-widget-spacer\" data-id=\"794db00c\" data-element_type=\"widget\" data-e-type=\"widget\" data-widget_type=\"spacer.default\">\n\t\t\t\t<div class=\"elementor-widget-container\">\n\t\t\t\t\t\t\t<div class=\"elementor-spacer\">\n\t\t\t<div class=\"elementor-spacer-inner\"><\/div>\n\t\t<\/div>\n\t\t\t\t\t\t<\/div>\n\t\t\t\t<\/div>\n\t\t\t\t\t<\/div>\n\t\t<\/div>\n\t\t\t\t\t<\/div>\n\t\t<\/section>\n\t\t\t\t<section class=\"elementor-section elementor-top-section elementor-element elementor-element-2ffd6059 elementor-section-boxed elementor-section-height-default elementor-section-height-default\" data-id=\"2ffd6059\" data-element_type=\"section\" data-e-type=\"section\">\n\t\t\t\t\t\t<div class=\"elementor-container elementor-column-gap-default\">\n\t\t\t\t\t<div class=\"elementor-column elementor-col-100 elementor-top-column elementor-element elementor-element-1c092d3\" data-id=\"1c092d3\" data-element_type=\"column\" data-e-type=\"column\">\n\t\t\t<div class=\"elementor-widget-wrap elementor-element-populated\">\n\t\t\t\t\t\t<div class=\"elementor-element elementor-element-2dd0ef11 elementor-widget elementor-widget-spacer\" data-id=\"2dd0ef11\" data-element_type=\"widget\" data-e-type=\"widget\" data-widget_type=\"spacer.default\">\n\t\t\t\t<div class=\"elementor-widget-container\">\n\t\t\t\t\t\t\t<div class=\"elementor-spacer\">\n\t\t\t<div class=\"elementor-spacer-inner\"><\/div>\n\t\t<\/div>\n\t\t\t\t\t\t<\/div>\n\t\t\t\t<\/div>\n\t\t\t\t\t<\/div>\n\t\t<\/div>\n\t\t\t\t\t<\/div>\n\t\t<\/section>\n\t\t\t\t<section class=\"elementor-section elementor-top-section elementor-element elementor-element-36c64e4f elementor-section-boxed elementor-section-height-default elementor-section-height-default\" data-id=\"36c64e4f\" data-element_type=\"section\" data-e-type=\"section\">\n\t\t\t\t\t\t<div class=\"elementor-container elementor-column-gap-default\">\n\t\t\t\t\t<div class=\"elementor-column elementor-col-100 elementor-top-column elementor-element elementor-element-30f9d685\" data-id=\"30f9d685\" data-element_type=\"column\" data-e-type=\"column\">\n\t\t\t<div class=\"elementor-widget-wrap elementor-element-populated\">\n\t\t\t\t\t\t<div class=\"elementor-element elementor-element-80e6eea elementor-invisible elementor-widget elementor-widget-heading\" data-id=\"80e6eea\" data-element_type=\"widget\" data-e-type=\"widget\" data-settings=\"{&quot;_animation&quot;:&quot;bounceIn&quot;}\" data-widget_type=\"heading.default\">\n\t\t\t\t<div class=\"elementor-widget-container\">\n\t\t\t\t\t<h4 class=\"elementor-heading-title elementor-size-default\">Laborat\u00f3rio de Desenvolvimento Humano e Educa\u00e7\u00e3o (LADHU) - FAPSI\/UFAM<\/h4>\t\t\t\t<\/div>\n\t\t\t\t<\/div>\n\t\t\t\t\t<\/div>\n\t\t<\/div>\n\t\t\t\t\t<\/div>\n\t\t<\/section>\n\t\t\t\t<section class=\"elementor-section elementor-top-section elementor-element elementor-element-5bf395f1 elementor-section-stretched elementor-section-boxed elementor-section-height-default elementor-section-height-default\" data-id=\"5bf395f1\" data-element_type=\"section\" data-e-type=\"section\" data-settings=\"{&quot;stretch_section&quot;:&quot;section-stretched&quot;}\">\n\t\t\t\t\t\t<div class=\"elementor-container elementor-column-gap-default\">\n\t\t\t\t\t<div class=\"elementor-column elementor-col-100 elementor-top-column elementor-element elementor-element-6d191da9\" data-id=\"6d191da9\" data-element_type=\"column\" data-e-type=\"column\">\n\t\t\t<div class=\"elementor-widget-wrap elementor-element-populated\">\n\t\t\t\t\t\t<div class=\"elementor-element elementor-element-9c1a449 elementor-widget__width-inherit elementor-invisible elementor-widget elementor-widget-heading\" data-id=\"9c1a449\" data-element_type=\"widget\" data-e-type=\"widget\" data-settings=\"{&quot;_animation&quot;:&quot;bounceIn&quot;}\" data-widget_type=\"heading.default\">\n\t\t\t\t<div class=\"elementor-widget-container\">\n\t\t\t\t\t<h4 class=\"elementor-heading-title elementor-size-default\">PUBLICA\u00c7\u00d5ES<\/h4>\t\t\t\t<\/div>\n\t\t\t\t<\/div>\n\t\t\t\t\t<\/div>\n\t\t<\/div>\n\t\t\t\t\t<\/div>\n\t\t<\/section>\n\t\t\t\t<section class=\"elementor-section elementor-top-section elementor-element elementor-element-d729e18 elementor-section-stretched elementor-section-boxed elementor-section-height-default elementor-section-height-default\" data-id=\"d729e18\" data-element_type=\"section\" data-e-type=\"section\" id=\"home1\" data-settings=\"{&quot;stretch_section&quot;:&quot;section-stretched&quot;,&quot;background_background&quot;:&quot;classic&quot;,&quot;shape_divider_top&quot;:&quot;wave-brush&quot;,&quot;shape_divider_bottom&quot;:&quot;wave-brush&quot;}\">\n\t\t\t\t\t<div class=\"elementor-shape elementor-shape-top\" aria-hidden=\"true\" data-negative=\"false\">\n\t\t\t<svg xmlns=\"http:\/\/www.w3.org\/2000\/svg\" viewBox=\"0 0 283.5 27.8\" preserveAspectRatio=\"none\">\n\t<path class=\"elementor-shape-fill\" d=\"M283.5,9.7c0,0-7.3,4.3-14,4.6c-6.8,0.3-12.6,0-20.9-1.5c-11.3-2-33.1-10.1-44.7-5.7\ts-12.1,4.6-18,7.4c-6.6,3.2-20,9.6-36.6,9.3C131.6,23.5,99.5,7.2,86.3,8c-1.4,0.1-6.6,0.8-10.5,2c-3.8,1.2-9.4,3.8-17,4.7\tc-3.2,0.4-8.3,1.1-14.2,0.9c-1.5-0.1-6.3-0.4-12-1.6c-5.7-1.2-11-3.1-15.8-3.7C6.5,9.2,0,10.8,0,10.8V0h283.5V9.7z M260.8,11.3\tc-0.7-1-2-0.4-4.3-0.4c-2.3,0-6.1-1.2-5.8-1.1c0.3,0.1,3.1,1.5,6,1.9C259.7,12.2,261.4,12.3,260.8,11.3z M242.4,8.6\tc0,0-2.4-0.2-5.6-0.9c-3.2-0.8-10.3-2.8-15.1-3.5c-8.2-1.1-15.8,0-15.1,0.1c0.8,0.1,9.6-0.6,17.6,1.1c3.3,0.7,9.3,2.2,12.4,2.7\tC239.9,8.7,242.4,8.6,242.4,8.6z M185.2,8.5c1.7-0.7-13.3,4.7-18.5,6.1c-2.1,0.6-6.2,1.6-10,2c-3.9,0.4-8.9,0.4-8.8,0.5\tc0,0.2,5.8,0.8,11.2,0c5.4-0.8,5.2-1.1,7.6-1.6C170.5,14.7,183.5,9.2,185.2,8.5z M199.1,6.9c0.2,0-0.8-0.4-4.8,1.1\tc-4,1.5-6.7,3.5-6.9,3.7c-0.2,0.1,3.5-1.8,6.6-3C197,7.5,199,6.9,199.1,6.9z M283,6c-0.1,0.1-1.9,1.1-4.8,2.5s-6.9,2.8-6.7,2.7\tc0.2,0,3.5-0.6,7.4-2.5C282.8,6.8,283.1,5.9,283,6z M31.3,11.6c0.1-0.2-1.9-0.2-4.5-1.2s-5.4-1.6-7.8-2C15,7.6,7.3,8.5,7.7,8.6\tC8,8.7,15.9,8.3,20.2,9.3c2.2,0.5,2.4,0.5,5.7,1.6S31.2,11.9,31.3,11.6z M73,9.2c0.4-0.1,3.5-1.6,8.4-2.6c4.9-1.1,8.9-0.5,8.9-0.8\tc0-0.3-1-0.9-6.2-0.3S72.6,9.3,73,9.2z M71.6,6.7C71.8,6.8,75,5.4,77.3,5c2.3-0.3,1.9-0.5,1.9-0.6c0-0.1-1.1-0.2-2.7,0.2\tC74.8,5.1,71.4,6.6,71.6,6.7z M93.6,4.4c0.1,0.2,3.5,0.8,5.6,1.8c2.1,1,1.8,0.6,1.9,0.5c0.1-0.1-0.8-0.8-2.4-1.3\tC97.1,4.8,93.5,4.2,93.6,4.4z M65.4,11.1c-0.1,0.3,0.3,0.5,1.9-0.2s2.6-1.3,2.2-1.2s-0.9,0.4-2.5,0.8C65.3,10.9,65.5,10.8,65.4,11.1\tz M34.5,12.4c-0.2,0,2.1,0.8,3.3,0.9c1.2,0.1,2,0.1,2-0.2c0-0.3-0.1-0.5-1.6-0.4C36.6,12.8,34.7,12.4,34.5,12.4z M152.2,21.1\tc-0.1,0.1-2.4-0.3-7.5-0.3c-5,0-13.6-2.4-17.2-3.5c-3.6-1.1,10,3.9,16.5,4.1C150.5,21.6,152.3,21,152.2,21.1z\"\/>\n\t<path class=\"elementor-shape-fill\" d=\"M269.6,18c-0.1-0.1-4.6,0.3-7.2,0c-7.3-0.7-17-3.2-16.6-2.9c0.4,0.3,13.7,3.1,17,3.3\tC267.7,18.8,269.7,18,269.6,18z\"\/>\n\t<path class=\"elementor-shape-fill\" d=\"M227.4,9.8c-0.2-0.1-4.5-1-9.5-1.2c-5-0.2-12.7,0.6-12.3,0.5c0.3-0.1,5.9-1.8,13.3-1.2\tS227.6,9.9,227.4,9.8z\"\/>\n\t<path class=\"elementor-shape-fill\" d=\"M204.5,13.4c-0.1-0.1,2-1,3.2-1.1c1.2-0.1,2,0,2,0.3c0,0.3-0.1,0.5-1.6,0.4\tC206.4,12.9,204.6,13.5,204.5,13.4z\"\/>\n\t<path class=\"elementor-shape-fill\" d=\"M201,10.6c0-0.1-4.4,1.2-6.3,2.2c-1.9,0.9-6.2,3.1-6.1,3.1c0.1,0.1,4.2-1.6,6.3-2.6\tS201,10.7,201,10.6z\"\/>\n\t<path class=\"elementor-shape-fill\" d=\"M154.5,26.7c-0.1-0.1-4.6,0.3-7.2,0c-7.3-0.7-17-3.2-16.6-2.9c0.4,0.3,13.7,3.1,17,3.3\tC152.6,27.5,154.6,26.8,154.5,26.7z\"\/>\n\t<path class=\"elementor-shape-fill\" d=\"M41.9,19.3c0,0,1.2-0.3,2.9-0.1c1.7,0.2,5.8,0.9,8.2,0.7c4.2-0.4,7.4-2.7,7-2.6\tc-0.4,0-4.3,2.2-8.6,1.9c-1.8-0.1-5.1-0.5-6.7-0.4S41.9,19.3,41.9,19.3z\"\/>\n\t<path class=\"elementor-shape-fill\" d=\"M75.5,12.6c0.2,0.1,2-0.8,4.3-1.1c2.3-0.2,2.1-0.3,2.1-0.5c0-0.1-1.8-0.4-3.4,0\tC76.9,11.5,75.3,12.5,75.5,12.6z\"\/>\n\t<path class=\"elementor-shape-fill\" d=\"M15.6,13.2c0-0.1,4.3,0,6.7,0.5c2.4,0.5,5,1.9,5,2c0,0.1-2.7-0.8-5.1-1.4\tC19.9,13.7,15.7,13.3,15.6,13.2z\"\/>\n<\/svg>\t\t<\/div>\n\t\t\t\t<div class=\"elementor-shape elementor-shape-bottom\" aria-hidden=\"true\" data-negative=\"false\">\n\t\t\t<svg xmlns=\"http:\/\/www.w3.org\/2000\/svg\" viewBox=\"0 0 283.5 27.8\" preserveAspectRatio=\"none\">\n\t<path class=\"elementor-shape-fill\" d=\"M283.5,9.7c0,0-7.3,4.3-14,4.6c-6.8,0.3-12.6,0-20.9-1.5c-11.3-2-33.1-10.1-44.7-5.7\ts-12.1,4.6-18,7.4c-6.6,3.2-20,9.6-36.6,9.3C131.6,23.5,99.5,7.2,86.3,8c-1.4,0.1-6.6,0.8-10.5,2c-3.8,1.2-9.4,3.8-17,4.7\tc-3.2,0.4-8.3,1.1-14.2,0.9c-1.5-0.1-6.3-0.4-12-1.6c-5.7-1.2-11-3.1-15.8-3.7C6.5,9.2,0,10.8,0,10.8V0h283.5V9.7z M260.8,11.3\tc-0.7-1-2-0.4-4.3-0.4c-2.3,0-6.1-1.2-5.8-1.1c0.3,0.1,3.1,1.5,6,1.9C259.7,12.2,261.4,12.3,260.8,11.3z M242.4,8.6\tc0,0-2.4-0.2-5.6-0.9c-3.2-0.8-10.3-2.8-15.1-3.5c-8.2-1.1-15.8,0-15.1,0.1c0.8,0.1,9.6-0.6,17.6,1.1c3.3,0.7,9.3,2.2,12.4,2.7\tC239.9,8.7,242.4,8.6,242.4,8.6z M185.2,8.5c1.7-0.7-13.3,4.7-18.5,6.1c-2.1,0.6-6.2,1.6-10,2c-3.9,0.4-8.9,0.4-8.8,0.5\tc0,0.2,5.8,0.8,11.2,0c5.4-0.8,5.2-1.1,7.6-1.6C170.5,14.7,183.5,9.2,185.2,8.5z M199.1,6.9c0.2,0-0.8-0.4-4.8,1.1\tc-4,1.5-6.7,3.5-6.9,3.7c-0.2,0.1,3.5-1.8,6.6-3C197,7.5,199,6.9,199.1,6.9z M283,6c-0.1,0.1-1.9,1.1-4.8,2.5s-6.9,2.8-6.7,2.7\tc0.2,0,3.5-0.6,7.4-2.5C282.8,6.8,283.1,5.9,283,6z M31.3,11.6c0.1-0.2-1.9-0.2-4.5-1.2s-5.4-1.6-7.8-2C15,7.6,7.3,8.5,7.7,8.6\tC8,8.7,15.9,8.3,20.2,9.3c2.2,0.5,2.4,0.5,5.7,1.6S31.2,11.9,31.3,11.6z M73,9.2c0.4-0.1,3.5-1.6,8.4-2.6c4.9-1.1,8.9-0.5,8.9-0.8\tc0-0.3-1-0.9-6.2-0.3S72.6,9.3,73,9.2z M71.6,6.7C71.8,6.8,75,5.4,77.3,5c2.3-0.3,1.9-0.5,1.9-0.6c0-0.1-1.1-0.2-2.7,0.2\tC74.8,5.1,71.4,6.6,71.6,6.7z M93.6,4.4c0.1,0.2,3.5,0.8,5.6,1.8c2.1,1,1.8,0.6,1.9,0.5c0.1-0.1-0.8-0.8-2.4-1.3\tC97.1,4.8,93.5,4.2,93.6,4.4z M65.4,11.1c-0.1,0.3,0.3,0.5,1.9-0.2s2.6-1.3,2.2-1.2s-0.9,0.4-2.5,0.8C65.3,10.9,65.5,10.8,65.4,11.1\tz M34.5,12.4c-0.2,0,2.1,0.8,3.3,0.9c1.2,0.1,2,0.1,2-0.2c0-0.3-0.1-0.5-1.6-0.4C36.6,12.8,34.7,12.4,34.5,12.4z M152.2,21.1\tc-0.1,0.1-2.4-0.3-7.5-0.3c-5,0-13.6-2.4-17.2-3.5c-3.6-1.1,10,3.9,16.5,4.1C150.5,21.6,152.3,21,152.2,21.1z\"\/>\n\t<path class=\"elementor-shape-fill\" d=\"M269.6,18c-0.1-0.1-4.6,0.3-7.2,0c-7.3-0.7-17-3.2-16.6-2.9c0.4,0.3,13.7,3.1,17,3.3\tC267.7,18.8,269.7,18,269.6,18z\"\/>\n\t<path class=\"elementor-shape-fill\" d=\"M227.4,9.8c-0.2-0.1-4.5-1-9.5-1.2c-5-0.2-12.7,0.6-12.3,0.5c0.3-0.1,5.9-1.8,13.3-1.2\tS227.6,9.9,227.4,9.8z\"\/>\n\t<path class=\"elementor-shape-fill\" d=\"M204.5,13.4c-0.1-0.1,2-1,3.2-1.1c1.2-0.1,2,0,2,0.3c0,0.3-0.1,0.5-1.6,0.4\tC206.4,12.9,204.6,13.5,204.5,13.4z\"\/>\n\t<path class=\"elementor-shape-fill\" d=\"M201,10.6c0-0.1-4.4,1.2-6.3,2.2c-1.9,0.9-6.2,3.1-6.1,3.1c0.1,0.1,4.2-1.6,6.3-2.6\tS201,10.7,201,10.6z\"\/>\n\t<path class=\"elementor-shape-fill\" d=\"M154.5,26.7c-0.1-0.1-4.6,0.3-7.2,0c-7.3-0.7-17-3.2-16.6-2.9c0.4,0.3,13.7,3.1,17,3.3\tC152.6,27.5,154.6,26.8,154.5,26.7z\"\/>\n\t<path class=\"elementor-shape-fill\" d=\"M41.9,19.3c0,0,1.2-0.3,2.9-0.1c1.7,0.2,5.8,0.9,8.2,0.7c4.2-0.4,7.4-2.7,7-2.6\tc-0.4,0-4.3,2.2-8.6,1.9c-1.8-0.1-5.1-0.5-6.7-0.4S41.9,19.3,41.9,19.3z\"\/>\n\t<path class=\"elementor-shape-fill\" d=\"M75.5,12.6c0.2,0.1,2-0.8,4.3-1.1c2.3-0.2,2.1-0.3,2.1-0.5c0-0.1-1.8-0.4-3.4,0\tC76.9,11.5,75.3,12.5,75.5,12.6z\"\/>\n\t<path class=\"elementor-shape-fill\" d=\"M15.6,13.2c0-0.1,4.3,0,6.7,0.5c2.4,0.5,5,1.9,5,2c0,0.1-2.7-0.8-5.1-1.4\tC19.9,13.7,15.7,13.3,15.6,13.2z\"\/>\n<\/svg>\t\t<\/div>\n\t\t\t\t\t<div class=\"elementor-container elementor-column-gap-default\">\n\t\t\t\t\t<div class=\"elementor-column elementor-col-100 elementor-top-column elementor-element elementor-element-3641087\" data-id=\"3641087\" data-element_type=\"column\" data-e-type=\"column\">\n\t\t\t<div class=\"elementor-widget-wrap elementor-element-populated\">\n\t\t\t\t\t\t<div class=\"elementor-element elementor-element-d2c66c6 elementor-widget elementor-widget-spacer\" data-id=\"d2c66c6\" data-element_type=\"widget\" data-e-type=\"widget\" data-widget_type=\"spacer.default\">\n\t\t\t\t<div class=\"elementor-widget-container\">\n\t\t\t\t\t\t\t<div class=\"elementor-spacer\">\n\t\t\t<div class=\"elementor-spacer-inner\"><\/div>\n\t\t<\/div>\n\t\t\t\t\t\t<\/div>\n\t\t\t\t<\/div>\n\t\t\t\t<div class=\"elementor-element elementor-element-b9ffd20 elementor-tabs-alignment-center elementor-tabs-view-horizontal elementor-widget elementor-widget-tabs\" data-id=\"b9ffd20\" data-element_type=\"widget\" data-e-type=\"widget\" data-widget_type=\"tabs.default\">\n\t\t\t\t<div class=\"elementor-widget-container\">\n\t\t\t\t\t\t\t<div class=\"elementor-tabs\">\n\t\t\t<div class=\"elementor-tabs-wrapper\" role=\"tablist\" >\n\t\t\t\t\t\t\t\t\t<div id=\"elementor-tab-title-1951\" class=\"elementor-tab-title elementor-tab-desktop-title\" aria-selected=\"true\" data-tab=\"1\" role=\"tab\" tabindex=\"0\" aria-controls=\"elementor-tab-content-1951\" aria-expanded=\"false\">INIC\u00cdO<\/div>\n\t\t\t\t\t\t\t\t\t<div id=\"elementor-tab-title-1952\" class=\"elementor-tab-title elementor-tab-desktop-title\" aria-selected=\"false\" data-tab=\"2\" role=\"tab\" tabindex=\"-1\" aria-controls=\"elementor-tab-content-1952\" aria-expanded=\"false\">ARTIGOS COMPLETOS PUBLICADOS EM PERI\u00d3DICOS<\/div>\n\t\t\t\t\t\t\t\t\t<div id=\"elementor-tab-title-1953\" class=\"elementor-tab-title elementor-tab-desktop-title\" aria-selected=\"false\" data-tab=\"3\" role=\"tab\" tabindex=\"-1\" aria-controls=\"elementor-tab-content-1953\" aria-expanded=\"false\">LIVROS PUBLICADOS\/ORGANIZADOS<\/div>\n\t\t\t\t\t\t\t\t\t<div id=\"elementor-tab-title-1954\" class=\"elementor-tab-title elementor-tab-desktop-title\" aria-selected=\"false\" data-tab=\"4\" role=\"tab\" tabindex=\"-1\" aria-controls=\"elementor-tab-content-1954\" aria-expanded=\"false\">CAP\u00cdTULOS DE LIVROS PUBLICADOS\u200b<\/div>\n\t\t\t\t\t\t\t\t\t<div id=\"elementor-tab-title-1955\" class=\"elementor-tab-title elementor-tab-desktop-title\" aria-selected=\"false\" data-tab=\"5\" role=\"tab\" tabindex=\"-1\" aria-controls=\"elementor-tab-content-1955\" aria-expanded=\"false\">PUBLICA\u00c7\u00c3O DE TRABALHO COMPLETO EM ANAIS DE CONGRESSO\u200b<\/div>\n\t\t\t\t\t\t\t\t\t<div id=\"elementor-tab-title-1956\" class=\"elementor-tab-title elementor-tab-desktop-title\" aria-selected=\"false\" data-tab=\"6\" role=\"tab\" tabindex=\"-1\" aria-controls=\"elementor-tab-content-1956\" aria-expanded=\"false\">PUBLICA\u00c7\u00c3O DE RESUMO EM ANAIS DE CONGRESSO\u200b<\/div>\n\t\t\t\t\t\t\t<\/div>\n\t\t\t<div class=\"elementor-tabs-content-wrapper\" role=\"tablist\" aria-orientation=\"vertical\">\n\t\t\t\t\t\t\t\t\t<div class=\"elementor-tab-title elementor-tab-mobile-title\" aria-selected=\"true\" data-tab=\"1\" role=\"tab\" tabindex=\"0\" aria-controls=\"elementor-tab-content-1951\" aria-expanded=\"false\">INIC\u00cdO<\/div>\n\t\t\t\t\t<div id=\"elementor-tab-content-1951\" class=\"elementor-tab-content elementor-clearfix\" data-tab=\"1\" role=\"tabpanel\" aria-labelledby=\"elementor-tab-title-1951\" tabindex=\"0\" hidden=\"false\"><p>Trabalhamos em diversas vertentes, de maneira simples voc\u00ea pode acompanhar nosso trabalho, navegue pelas categorias!<\/p><\/div>\n\t\t\t\t\t\t\t\t\t<div class=\"elementor-tab-title elementor-tab-mobile-title\" aria-selected=\"false\" data-tab=\"2\" role=\"tab\" tabindex=\"-1\" aria-controls=\"elementor-tab-content-1952\" aria-expanded=\"false\">ARTIGOS COMPLETOS PUBLICADOS EM PERI\u00d3DICOS<\/div>\n\t\t\t\t\t<div id=\"elementor-tab-content-1952\" class=\"elementor-tab-content elementor-clearfix\" data-tab=\"2\" role=\"tabpanel\" aria-labelledby=\"elementor-tab-title-1952\" tabindex=\"0\" hidden=\"hidden\"><p><strong>T\u00edtulo: CURR\u00cdCULO-A\u00c7\u00d5ES-SIL\u00caNCIOS: um olhar para a forma\u00e7\u00e3o inicial do professor de literatura na UFAM.<\/strong><\/p><p>Autoras\/es: Iolete Ribeiro da Silva; Priscila Vasques Castro Dantas.\u00a0<\/p><p>Refer\u00eancia completa com ISSN: SILVA, Iolete Ribeiro; DANTAS, Priscila Vasques Castro. Curr\u00edculo-a\u00e7\u00f5es-sil\u00eancios: um olhar para a forma\u00e7\u00e3o inicial do professor de literatura na UFAM. Revista Teias (ProPEd\/UERJ), v. 22, p. 202-214, 2021. Refer\u00eancias adicionais: Portugu\u00eas. Meio de Divulga\u00e7\u00e3o: meio digital. Home page: [https:\/\/www.e-publicacoes.uerj.br\/index.php\/revistateias\/article\/view\/61578]. ISSN: 1982-0305 [eletr\u00f4nico].\u00a0<\/p><p>\u00a0<\/p><p style=\"letter-spacing: 0.24px; text-align: justify;\"><span style=\"font-weight: bolder;\"><span style=\"text-decoration-line: underline;\">T\u00edtulo: Experi\u00eancias do per\u00edodo pand\u00eamico no Amazonas: o ensino h\u00edbrido na SEDUC-AM e as narrativas docentes.<\/span><\/span><\/p><p style=\"letter-spacing: 0.24px; text-align: justify;\">Autoras\/es: Priscila Vasques Castro Dantas; Iolete Ribeiro da Silva; Amanda Ramos Mustafa.<\/p><p style=\"letter-spacing: 0.24px; text-align: justify;\">Refer\u00eancia completa com ISSN:\u00a0 DANTAS, Priscila Vasques Castro; SILVA, Iolete Ribeiro da; MUSTAFA, Amanda Ramos. Experi\u00eancias do per\u00edodo pand\u00eamico no Amazonas: o ensino h\u00edbrido na SEDUC-AM e as narrativas docentes. REVISTA E-CURRICULUM (PUCSP), v.19, p.1604 &#8211; 1626, 2021. Refer\u00eancias adicionais: Portugu\u00eas. Meio de divulga\u00e7\u00e3o: Meio digital. Home page: [http:\/\/https:\/\/revistas.pucsp.br\/index.php\/curriculum\/article\/view\/55454]. ISSN: 1809-3876.<span style=\"color: var( --e-global-color-text ); font-family: var( --e-global-typography-text-font-family ), Sans-serif; font-weight: var( --e-global-typography-text-font-weight ); background-color: var(--content_bg_color); font-size: var(--body_typography-font-size); font-style: var(--body_typography-font-style,normal); letter-spacing: var(--body_typography-letter-spacing);\">\u00a0<\/span><span style=\"background-color: var(--content_bg_color); color: var( --e-global-color-text ); font-family: var( --e-global-typography-text-font-family ), Sans-serif; font-size: var(--body_typography-font-size); font-style: var(--body_typography-font-style,normal); font-weight: var( --e-global-typography-text-font-weight ); letter-spacing: var(--body_typography-letter-spacing);\">\u00a0<\/span><\/p><p style=\"letter-spacing: 0.24px; text-align: justify;\"><span style=\"font-weight: bolder;\"><span style=\"text-decoration-line: underline;\">T\u00edtulo: RELA\u00c7\u00d5ES INTERNACIONAIS E ENSINO SUPERIOR NA AMAZ\u00d4NIA: NOTAS HIST\u00d3RICAS E REFLEX\u00d5ES<\/span><\/span><\/p><p style=\"letter-spacing: 0.24px; text-align: justify;\">Autoras\/es:\u00a0 PEREIRA, J. W.; Silva, Iolete Ribeiro da; Silva, Adan Ren\u00ea Pereira da<\/p><p style=\"letter-spacing: 0.24px; text-align: justify;\">Refer\u00eancia completa com ISSN:\u00a0 PEREIRA, J. W.; Silva, Iolete Ribeiro da; Silva, Adan Ren\u00ea Pereira da. RELA\u00c7\u00d5ES INTERNACIONAIS E ENSINO SUPERIOR NA AMAZ\u00d4NIA: NOTAS HIST\u00d3RICAS E REFLEX\u00d5ES. HUMANIDADES &amp; INOVA\u00c7\u00c3O. , v.8, p.306 &#8211; 321, 2021. Refer\u00eancias adicionais: Portugu\u00eas. Meio de divulga\u00e7\u00e3o: Meio digital. Home page: [http:\/\/https:\/\/revista.unitins.br\/index.php\/humanidadeseinovacao\/article\/view\/3920]<\/p><p style=\"letter-spacing: 0.24px; text-align: justify;\">\u00a0<\/p><p style=\"letter-spacing: 0.24px; text-align: justify;\"><span style=\"font-weight: bolder;\"><span style=\"text-decoration-line: underline;\">T\u00edtulo: TEORIA HIST\u00d3RICO-CULTURAL E SUAS CONTRIBUI\u00c7\u00d5ES PARA O ENSINO DE GEOGRAFIA NA AMAZ\u00d4NIA<\/span><\/span><\/p><p style=\"letter-spacing: 0.24px; text-align: justify;\">Autoras\/es: GODINHO, J.; Silva, Iolete Ribeiro da.<\/p><p style=\"letter-spacing: 0.24px; text-align: justify;\">Refer\u00eancia completa com ISSN:\u00a0 GODINHO, J.; Silva, Iolete Ribeiro da. TEORIA HIST\u00d3RICO-CULTURAL E SUAS CONTRIBUI\u00c7\u00d5ES PARA O ENSINO DE GEOGRAFIA NA AMAZ\u00d4NIA. HUMANIDADES &amp; INOVA\u00c7\u00c3O. , v.8, p.334 &#8211; 342, 2021. Refer\u00eancias adicionais: Portugu\u00eas. Meio de divulga\u00e7\u00e3o: Meio digital. Home page: [http:\/\/https:\/\/revista.unitins.br\/index.php\/humanidadeseinovacao\/article\/view\/3505]<\/p><div style=\"letter-spacing: 0.24px; text-align: justify;\">\u00a0<span style=\"text-decoration-line: underline; font-weight: bolder; letter-spacing: 0.24px; color: var( --e-global-color-text ); font-family: var( --e-global-typography-text-font-family ), Sans-serif; background-color: var(--content_bg_color); font-size: var(--body_typography-font-size); font-style: var(--body_typography-font-style,normal);\">Titulo: A pol\u00edtica p\u00fablica de educa\u00e7\u00e3o e o enfrentamento \u00e0 viol\u00eancia sexual contra crian\u00e7as e adolescentes em Manaus\/AM: desafios diante das legisla\u00e7\u00f5es<\/span><\/div><p style=\"letter-spacing: 0.24px; text-align: justify;\">Autoras\/es: Lofiego Cacau, C., de Oliveira, M., &amp; Ribeiro da Silva, I.<\/p><p style=\"letter-spacing: 0.24px; text-align: justify;\">Refer\u00eancia completa com ISSN:\u00a0 Lofiego Cacau, C., de Oliveira, M., &amp; Ribeiro da Silva, I. (2021). A pol\u00edtica p\u00fablica de educa\u00e7\u00e3o e o enfrentamento \u00e0 viol\u00eancia sexual contra crian\u00e7as e adolescentes em Manaus\/AM: desafios diante das legisla\u00e7\u00f5es. Horizontes, 39(1), e021067. https:\/\/doi.org\/10.24933\/horizontes.v39i1.1144.<span style=\"background-color: var(--content_bg_color); color: var( --e-global-color-text ); font-family: var( --e-global-typography-text-font-family ), Sans-serif; font-size: var(--body_typography-font-size); font-style: var(--body_typography-font-style,normal); font-weight: var( --e-global-typography-text-font-weight ); letter-spacing: var(--body_typography-letter-spacing);\">\u00a0<\/span><\/p><p style=\"letter-spacing: 0.24px; text-align: justify;\"><span style=\"color: var( --e-global-color-text ); font-family: var( --e-global-typography-text-font-family ), Sans-serif; font-weight: var( --e-global-typography-text-font-weight ); background-color: var(--content_bg_color); font-size: var(--body_typography-font-size); font-style: var(--body_typography-font-style,normal); letter-spacing: var(--body_typography-letter-spacing);\">\u00a0<\/span><span style=\"font-weight: bolder; text-decoration-line: underline; letter-spacing: 0.24px; color: var( --e-global-color-text ); font-family: var( --e-global-typography-text-font-family ), Sans-serif; background-color: var(--content_bg_color); font-size: var(--body_typography-font-size); font-style: var(--body_typography-font-style,normal);\">T\u00edtulo: O projeto \u2018Aulas em Casa\u2019 e a educa\u00e7\u00e3o remota durante a pandemia do COVID-19: an\u00e1lise da experi\u00eancia do estado do Amazonas<\/span><\/p><p style=\"letter-spacing: 0.24px; text-align: justify;\">Autoras\/es.Ribeiro da Silva, I., &amp; Ribeiro da Silva, C<\/p><p style=\"letter-spacing: 0.24px; text-align: justify;\">Refer\u00eancia completa com ISSN:\u00a0 Ribeiro da Silva, I., &amp; Ribeiro da Silva, C. (2021). O projeto \u2018Aulas em Casa\u2019 e a educa\u00e7\u00e3o remota durante a pandemia do COVID-19: an\u00e1lise da experi\u00eancia do estado do Amazonas. Revista Educar Mais, 5(1), 25-34. https:\/\/doi.org\/10.15536\/reducarmais.5.2021.2220<span style=\"color: var( --e-global-color-text ); font-family: var( --e-global-typography-text-font-family ), Sans-serif; font-weight: var( --e-global-typography-text-font-weight ); background-color: var(--content_bg_color); font-size: var(--body_typography-font-size); font-style: var(--body_typography-font-style,normal); letter-spacing: var(--body_typography-letter-spacing);\">\u00a0<\/span><span style=\"background-color: var(--content_bg_color); color: var( --e-global-color-text ); font-family: var( --e-global-typography-text-font-family ), Sans-serif; font-size: var(--body_typography-font-size); font-style: var(--body_typography-font-style,normal); font-weight: var( --e-global-typography-text-font-weight ); letter-spacing: var(--body_typography-letter-spacing);\">\u00a0<\/span><\/p><p style=\"letter-spacing: 0.24px; text-align: justify;\"><span style=\"color: var( --e-global-color-text ); font-family: var( --e-global-typography-text-font-family ), Sans-serif; font-weight: var( --e-global-typography-text-font-weight ); background-color: var(--content_bg_color); font-size: var(--body_typography-font-size); font-style: var(--body_typography-font-style,normal); letter-spacing: var(--body_typography-letter-spacing);\">\u00a0<\/span><span style=\"text-decoration-line: underline; font-weight: bolder; letter-spacing: 0.24px; color: var( --e-global-color-text ); font-family: var( --e-global-typography-text-font-family ), Sans-serif; background-color: var(--content_bg_color); font-size: var(--body_typography-font-size); font-style: var(--body_typography-font-style,normal);\">T\u00edtulo: NARRATIVAS DE PROFISSIONAIS DE SA\u00daDE DA ATEN\u00c7\u00c3O DOMICILIAR EM MANAUS SOBRE A EDUCA\u00c7\u00c3O PERMANENTE<\/span><\/p><p style=\"letter-spacing: 0.24px; text-align: justify;\">Autoras\/es: CUNHA, Davi Ara\u00fajo da; SILVA, Iolete Ribeiro da<\/p><p style=\"letter-spacing: 0.24px; text-align: justify;\">Refer\u00eancia completa com ISSN:\u00a0 CUNHA, Davi Ara\u00fajo da; SILVA, Iolete Ribeiro da. NARRATIVAS DE PROFISSIONAIS DE SA\u00daDE DA ATEN\u00c7\u00c3O DOMICILIAR EM MANAUS SOBRE A EDUCA\u00c7\u00c3O PERMANENTE. Revista Valore, [S.l.], v. 6, p. e-6008, jul. 2021. ISSN 2526-043X. Dispon\u00edvel em: &lt;https:\/\/revistavalore.emnuvens.com.br\/valore\/article\/view\/678&gt;. Acesso em: 28 jul. 2021. doi:https:\/\/doi.org\/10.22408\/reva602021678e-6008.<span style=\"color: var( --e-global-color-text ); font-family: var( --e-global-typography-text-font-family ), Sans-serif; font-weight: var( --e-global-typography-text-font-weight ); background-color: var(--content_bg_color); font-size: var(--body_typography-font-size); font-style: var(--body_typography-font-style,normal); letter-spacing: var(--body_typography-letter-spacing);\">\u00a0<\/span><span style=\"background-color: var(--content_bg_color); color: var( --e-global-color-text ); font-family: var( --e-global-typography-text-font-family ), Sans-serif; font-size: var(--body_typography-font-size); font-style: var(--body_typography-font-style,normal); font-weight: var( --e-global-typography-text-font-weight ); letter-spacing: var(--body_typography-letter-spacing);\">\u00a0<\/span><\/p><p style=\"letter-spacing: 0.24px; text-align: justify;\"><span style=\"color: var( --e-global-color-text ); font-family: var( --e-global-typography-text-font-family ), Sans-serif; font-weight: var( --e-global-typography-text-font-weight ); background-color: var(--content_bg_color); font-size: var(--body_typography-font-size); font-style: var(--body_typography-font-style,normal); letter-spacing: var(--body_typography-letter-spacing);\">\u00a0<\/span><span style=\"text-decoration-line: underline; font-weight: bolder; letter-spacing: 0.24px; color: var( --e-global-color-text ); font-family: var( --e-global-typography-text-font-family ), Sans-serif; background-color: var(--content_bg_color); font-size: var(--body_typography-font-size); font-style: var(--body_typography-font-style,normal);\">T\u00edtulo: A forma\u00e7\u00e3o docente em educa\u00e7\u00e3o f\u00edsica no estado do amazonas em tempos de covid-19: uma an\u00e1lise documental<\/span><\/p><p style=\"letter-spacing: 0.24px; text-align: justify;\">Autoras\/es.PEREIRA, Lorhena Alves; CRUZ, Everton C\u00e9sar de Oliveira da; SILVA, Iolete Ribeiro da; BARROS, Jo\u00e3o Luiz da Costa<\/p><p style=\"letter-spacing: 0.24px; text-align: justify;\">Refer\u00eancia completa com ISSN:\u00a0 PEREIRA, Lorhena Alves; CRUZ, Everton C\u00e9sar de Oliveira da; SILVA, Iolete Ribeiro da; BARROS, Jo\u00e3o Luiz da Costa. A forma\u00e7\u00e3o docente em educa\u00e7\u00e3o f\u00edsica no estado do amazonas em tempos de covid-19: uma an\u00e1lise documental. Revista Humanidades &amp; Inova\u00e7\u00e3o, v. 8 n. 40 (2021): Forma\u00e7\u00e3o de professores em tempos de crise: diferentes contextos I. ISSN: 2358-8322. Dispon\u00edvel em https:\/\/revista.unitins.br\/index.php\/humanidadeseinovacao\/article\/view\/5099. Acesso em: 28 jul. 2021<\/p><p style=\"letter-spacing: 0.24px; text-align: justify;\">\u00a0<\/p><p style=\"letter-spacing: 0.24px; text-align: justify;\">\u00a0<\/p><div style=\"letter-spacing: 0.24px; text-align: justify;\">\u00a0<span style=\"text-decoration-line: underline; font-weight: bolder; letter-spacing: 0.24px; color: var( --e-global-color-text ); font-family: var( --e-global-typography-text-font-family ), Sans-serif; background-color: var(--content_bg_color); font-size: var(--body_typography-font-size); font-style: var(--body_typography-font-style,normal);\">T\u00edtulo: ENTRE A ESCOLA E O RIO: viv\u00eancias e desafios da educa\u00e7\u00e3o infantil ribeirinha<\/span><\/div><p style=\"letter-spacing: 0.24px; text-align: justify;\">Autoras\/es:\u00a0 Lima Carvalho de Oliveira, A. P. ., Ribeiro da Silva, I., &amp; Souza Printes, J<\/p><p style=\"letter-spacing: 0.24px; text-align: justify;\">Refer\u00eancia completa com ISSN:\u00a0 Lima Carvalho de Oliveira, A. P. , Ribeiro da Silva, I., &amp; Souza Printes, J. (2022). ENTRE A ESCOLA E O RIO: viv\u00eancias e desafios da educa\u00e7\u00e3o infantil ribeirinha . Revista Exitus, 12(1), e 022009. https:\/\/doi.org\/10.24065\/2237-9460.2022v12n1ID1685<\/p><p style=\"letter-spacing: 0.24px; text-align: justify;\">\u00a0<\/p><p style=\"letter-spacing: 0.24px; text-align: justify;\">\u00a0<\/p><p style=\"letter-spacing: 0.24px; text-align: justify;\"><span style=\"font-weight: bolder;\"><span style=\"text-decoration-line: underline;\">T\u00edtulo: OS DESAFIOS E AS ESTRAT\u00c9GIAS DA PSICOLOGIA ESCOLAR NO ENFRENTAMENTO DO BULLYING.<\/span><\/span><\/p><p style=\"letter-spacing: 0.24px; text-align: justify;\">Autoras\/es. MEZZALIRA, Adinete Sousa da Costa; Fernandes, Thatyanny Gomes ; SANTOS, Cyntia Maria Loiola\u00a0<\/p><p style=\"letter-spacing: 0.24px; text-align: justify;\">Refer\u00eancia completa com ISSN:\u00a0 REVISTA PSICOLOGIA ESCOLAR E EDUCACIONAL, v. 25, p. 1-5, 2021. Dispon\u00edvel em: &lt;https:\/\/doi.org\/10.1590\/2175-35392021237016&gt;. Epub 12 Nov 2021. ISSN 2175-3539. https:\/\/doi.org\/10.1590\/2175-35392021237016.<span style=\"color: var( --e-global-color-text ); font-family: var( --e-global-typography-text-font-family ), Sans-serif; font-weight: var( --e-global-typography-text-font-weight ); background-color: var(--content_bg_color); font-size: var(--body_typography-font-size); font-style: var(--body_typography-font-style,normal); letter-spacing: var(--body_typography-letter-spacing);\">\u00a0<\/span><span style=\"background-color: var(--content_bg_color); color: var( --e-global-color-text ); font-family: var( --e-global-typography-text-font-family ), Sans-serif; font-size: var(--body_typography-font-size); font-style: var(--body_typography-font-style,normal); font-weight: var( --e-global-typography-text-font-weight ); letter-spacing: var(--body_typography-letter-spacing);\">\u00a0<\/span><\/p><p style=\"letter-spacing: 0.24px; text-align: justify;\"><span style=\"color: var( --e-global-color-text ); font-family: var( --e-global-typography-text-font-family ), Sans-serif; font-weight: var( --e-global-typography-text-font-weight ); background-color: var(--content_bg_color); font-size: var(--body_typography-font-size); font-style: var(--body_typography-font-style,normal); letter-spacing: var(--body_typography-letter-spacing);\">\u00a0<\/span><span style=\"text-decoration-line: underline; font-weight: bolder; letter-spacing: 0.24px; color: var( --e-global-color-text ); font-family: var( --e-global-typography-text-font-family ), Sans-serif; background-color: var(--content_bg_color); font-size: var(--body_typography-font-size); font-style: var(--body_typography-font-style,normal);\">T\u00edtulo: Interven\u00e7\u00e3o Psicossocial no contexto escolar: um relato de experi\u00eancia.\u00a0<\/span><\/p><p style=\"letter-spacing: 0.24px; text-align: justify;\">Autoras\/es. NUNES, Aline Vitorino ; SOUZA, Virginia Karla Rosas ; MEZZALIRA, Adinete Sousa da Costa ; CALEGARE, Marcelo .<\/p><p style=\"letter-spacing: 0.24px; text-align: justify;\">Refer\u00eancia completa com ISSN:\u00a0 REVISTA AMAZ\u00d4NICA (ONLINE), v. 13, p. 1-10, 2021.\u00a0<span style=\"color: var( --e-global-color-text ); font-family: var( --e-global-typography-text-font-family ), Sans-serif; font-weight: var( --e-global-typography-text-font-weight ); background-color: var(--content_bg_color); font-size: var(--body_typography-font-size); font-style: var(--body_typography-font-style,normal); letter-spacing: var(--body_typography-letter-spacing);\">\u00a0<\/span><span style=\"background-color: var(--content_bg_color); color: var( --e-global-color-text ); font-family: var( --e-global-typography-text-font-family ), Sans-serif; font-size: var(--body_typography-font-size); font-style: var(--body_typography-font-style,normal); font-weight: var( --e-global-typography-text-font-weight ); letter-spacing: var(--body_typography-letter-spacing);\">\u00a0<\/span><\/p><p style=\"letter-spacing: 0.24px; text-align: justify;\"><span style=\"color: var( --e-global-color-text ); font-family: var( --e-global-typography-text-font-family ), Sans-serif; font-weight: var( --e-global-typography-text-font-weight ); background-color: var(--content_bg_color); font-size: var(--body_typography-font-size); font-style: var(--body_typography-font-style,normal); letter-spacing: var(--body_typography-letter-spacing);\">\u00a0<\/span><span style=\"text-decoration-line: underline; font-weight: bolder; letter-spacing: 0.24px; color: var( --e-global-color-text ); font-family: var( --e-global-typography-text-font-family ), Sans-serif; background-color: var(--content_bg_color); font-size: var(--body_typography-font-size); font-style: var(--body_typography-font-style,normal);\">T\u00edtulo: Revisitando o debate da viol\u00eancia, dos abusos e maus-tratos sofridos pela pessoa idosa.<\/span><\/p><p style=\"letter-spacing: 0.24px; text-align: justify;\">Autoras\/es: MELEIRO, MARIA LUIZA DE ANDRADE PICAN\u00c7O ; NASCIMENTO, IZAURA RODRIGUES ; NEVES, ANDR\u00c9 LUIZ MACHADO DAS .<\/p><p style=\"letter-spacing: 0.24px; text-align: justify;\">Refer\u00eancia completa com ISSN: SEMINA. CI\u00caNCIAS SOCIAIS E HUMANAS (ONLINE), v. 42, p. 223-238, 2021. ISSN 1679-0383<span style=\"color: var( --e-global-color-text ); font-family: var( --e-global-typography-text-font-family ), Sans-serif; font-weight: var( --e-global-typography-text-font-weight ); background-color: var(--content_bg_color); font-size: var(--body_typography-font-size); font-style: var(--body_typography-font-style,normal); letter-spacing: var(--body_typography-letter-spacing);\">\u00a0<\/span><span style=\"background-color: var(--content_bg_color); color: var( --e-global-color-text ); font-family: var( --e-global-typography-text-font-family ), Sans-serif; font-size: var(--body_typography-font-size); font-style: var(--body_typography-font-style,normal); font-weight: var( --e-global-typography-text-font-weight ); letter-spacing: var(--body_typography-letter-spacing);\">\u00a0<\/span><\/p><p style=\"letter-spacing: 0.24px; text-align: justify;\"><span style=\"font-weight: bolder;\"><span style=\"text-decoration-line: underline;\">T\u00edtulo: Psychology in facing the pandemic in Amazonas: Organization, prevention and response actions.<\/span><\/span><\/p><p style=\"letter-spacing: 0.24px; text-align: justify;\">Autoras\/es: Andr\u00e9 Luiz Machado das Neves; Breno de Oliveira Ferreira; Munique Therense; \u00c9rica Vidal Rotondano; Marck de Souza Torres; Gisele Cristina Resende; Consuelena Lopes Leit\u00e3o; Vivian Silva Lima Marangoni; Eduardo Jorge Sant&#8217;Ana Honorato; Enio de Souza Tavares<\/p><p style=\"letter-spacing: 0.24px; text-align: justify;\">Refer\u00eancia completa com ISSN: Estud. psicol. (Natal) [online]. 2021, vol.26, n.1 [citado\u00a0 2022-01-11], pp. 105-116 . ISSN 1413-294X.<span style=\"color: var( --e-global-color-text ); font-family: var( --e-global-typography-text-font-family ), Sans-serif; font-weight: var( --e-global-typography-text-font-weight ); background-color: var(--content_bg_color); font-size: var(--body_typography-font-size); font-style: var(--body_typography-font-style,normal); letter-spacing: var(--body_typography-letter-spacing);\">\u00a0<\/span><span style=\"background-color: var(--content_bg_color); color: var( --e-global-color-text ); font-family: var( --e-global-typography-text-font-family ), Sans-serif; font-size: var(--body_typography-font-size); font-style: var(--body_typography-font-style,normal); font-weight: var( --e-global-typography-text-font-weight ); letter-spacing: var(--body_typography-letter-spacing);\">\u00a0<\/span><\/p><p style=\"letter-spacing: 0.24px; text-align: justify;\"><span style=\"font-weight: bolder;\"><span style=\"text-decoration-line: underline;\">T\u00edtulo: Negocia\u00e7\u00f5es Cotidianas de Travestis e Mulheres Trans Trabalhadoras Sexuais.<\/span><\/span><\/p><p style=\"letter-spacing: 0.24px; text-align: justify;\">Autoras\/es: Hellen Yuki Costa Miwa, Andr\u00e9 Luiz Machado das Neves e Munique Therense<\/p><p style=\"letter-spacing: 0.24px; text-align: justify;\">Refer\u00eancia completa com ISSN: PSICOLOGIA EM PESQUISA (UFJF), v. 16, p. 1-24, 2022.<\/p><p style=\"letter-spacing: 0.24px; text-align: justify;\">\u00a0<\/p><p style=\"letter-spacing: 0.24px; text-align: justify;\"><span style=\"font-weight: bolder;\"><span style=\"text-decoration-line: underline;\">T\u00edtulo:\u00a0 Psicodan\u00e7a como a\u00e7\u00e3o terap\u00eautica: relato de experi\u00eancia durante a pandemia de Covid-19<\/span><\/span><\/p><p style=\"letter-spacing: 0.24px; text-align: justify;\">Autoras\/es:Consuelena Lopes Leit\u00e3o e Loristtefane Castro Moreira<\/p><p style=\"letter-spacing: 0.24px; text-align: justify;\">Refer\u00eancia completa com ISSN: REVISTA DO NUFEN, v. 13, p. 71-81, 2021.ISSN 2175-2591<span style=\"color: var( --e-global-color-text ); font-family: var( --e-global-typography-text-font-family ), Sans-serif; font-weight: var( --e-global-typography-text-font-weight ); background-color: var(--content_bg_color); font-size: var(--body_typography-font-size); font-style: var(--body_typography-font-style,normal); letter-spacing: var(--body_typography-letter-spacing);\">\u00a0<\/span><span style=\"background-color: var(--content_bg_color); color: var( --e-global-color-text ); font-family: var( --e-global-typography-text-font-family ), Sans-serif; font-size: var(--body_typography-font-size); font-style: var(--body_typography-font-style,normal); font-weight: var( --e-global-typography-text-font-weight ); letter-spacing: var(--body_typography-letter-spacing);\">\u00a0<\/span><\/p><p style=\"letter-spacing: 0.24px; text-align: justify;\"><span style=\"color: var( --e-global-color-text ); font-family: var( --e-global-typography-text-font-family ), Sans-serif; font-weight: var( --e-global-typography-text-font-weight ); background-color: var(--content_bg_color); font-size: var(--body_typography-font-size); font-style: var(--body_typography-font-style,normal); letter-spacing: var(--body_typography-letter-spacing);\">\u00a0<\/span><span style=\"text-decoration-line: underline; font-weight: bolder; letter-spacing: 0.24px; color: var( --e-global-color-text ); font-family: var( --e-global-typography-text-font-family ), Sans-serif; background-color: var(--content_bg_color); font-size: var(--body_typography-font-size); font-style: var(--body_typography-font-style,normal);\">T\u00edtulo:\u00a0 Desenvolvimento de uma Tecnologia Leve em Sa\u00fade Mental no Contexto da Pandemia: Acolhimento Psicol\u00f3gico Online no Norte do Brasil.<\/span><\/p><p style=\"letter-spacing: 0.24px; text-align: justify;\">Autoras\/es:Breno de Oliveira Ferreira, Gisele Resende, Consuelena Lopes Leit\u00e3o e Marck de Souza Torres.<\/p><p style=\"letter-spacing: 0.24px; text-align: justify;\">Refer\u00eancia completa com ISSN: Revista Brasileira de Psicoterapia, v. 23, p. 105-118, 2021..ISSN 2318-0404\u00a0<span style=\"color: var( --e-global-color-text ); font-family: var( --e-global-typography-text-font-family ), Sans-serif; font-weight: var( --e-global-typography-text-font-weight ); background-color: var(--content_bg_color); font-size: var(--body_typography-font-size); font-style: var(--body_typography-font-style,normal); letter-spacing: var(--body_typography-letter-spacing);\">\u00a0<\/span><\/p><p style=\"letter-spacing: 0.24px; text-align: justify;\"><span style=\"font-weight: bolder;\"><span style=\"text-decoration-line: underline;\">T\u00edtulo: Direitos humanos, laicidade e educa\u00e7\u00e3o escolar: \u201ceu sempre rezei o pai nosso na escola\u201d<\/span><\/span><\/p><p style=\"letter-spacing: 0.24px; text-align: justify;\">Autoras\/es: Eliane Pinheiro Fernandes; F\u00e1bio Alves Gomes; Wanda Maria Junqueira de Aguiar.<\/p><p style=\"letter-spacing: 0.24px; text-align: justify;\">Refer\u00eancia completa com ISSN: Revista Teias v. 22 \u2022 n. especial \u2022 out.\/dez. 2021. DOI: 10.12957\/teias.2021.61672. ISSN 1518-5370 [impresso] \u2022 1982-0305 [eletr\u00f4nico]<\/p><p style=\"letter-spacing: 0.24px; text-align: justify;\">\u00a0<\/p><p style=\"letter-spacing: 0.24px; text-align: justify;\">\u00a0<\/p><p style=\"letter-spacing: 0.24px; text-align: justify;\">\u00a0<\/p><p style=\"letter-spacing: 0.24px; text-align: justify;\">\u00a0<\/p><p style=\"letter-spacing: 0.24px; text-align: justify;\">\u00a0<\/p><p style=\"letter-spacing: 0.24px; text-align: justify;\">\u00a0<\/p><\/div>\n\t\t\t\t\t\t\t\t\t<div class=\"elementor-tab-title elementor-tab-mobile-title\" aria-selected=\"false\" data-tab=\"3\" role=\"tab\" tabindex=\"-1\" aria-controls=\"elementor-tab-content-1953\" aria-expanded=\"false\">LIVROS PUBLICADOS\/ORGANIZADOS<\/div>\n\t\t\t\t\t<div id=\"elementor-tab-content-1953\" class=\"elementor-tab-content elementor-clearfix\" data-tab=\"3\" role=\"tabpanel\" aria-labelledby=\"elementor-tab-title-1953\" tabindex=\"0\" hidden=\"hidden\"><section style=\"--flex-direction: initial; --flex-wrap: initial; --justify-content: initial; --align-items: initial; --align-content: initial; --gap: initial; --flex-basis: initial; --flex-grow: initial; --flex-shrink: initial; --order: initial; --align-self: initial; flex-basis: var(--flex-basis); -webkit-box-flex: var(--flex-grow); flex-grow: var(--flex-grow); flex-shrink: var(--flex-shrink); -webkit-box-ordinal-group: var(--order); order: var(--order); align-self: var(--align-self); --widgets-spacing: 20px; color: #141617; font-family: Inter, Arial, Helvetica, sans-serif; letter-spacing: 0.24px;\" data-id=\"7d1c53a\" data-element_type=\"section\"><div><div style=\"--flex-direction: initial; --flex-wrap: initial; --justify-content: initial; --align-items: initial; --align-content: initial; --gap: initial; --flex-basis: initial; --flex-grow: initial; --flex-shrink: initial; --order: initial; --align-self: initial; flex-basis: var(--flex-basis); -webkit-box-flex: var(--flex-grow); flex-grow: var(--flex-grow); flex-shrink: var(--flex-shrink); -webkit-box-ordinal-group: var(--order); order: var(--order); align-self: var(--align-self); --widgets-spacing: 20px; width: 1200px;\" data-id=\"a9f2944\" data-element_type=\"column\"><div style=\"width: 1200px;\"><div style=\"--flex-direction: initial; --flex-wrap: initial; --justify-content: initial; --align-items: initial; --align-content: initial; --gap: initial; --flex-basis: initial; --flex-grow: initial; --flex-shrink: initial; --order: initial; --align-self: initial; flex-basis: var(--flex-basis); -webkit-box-flex: var(--flex-grow); flex-grow: var(--flex-grow); flex-shrink: var(--flex-shrink); -webkit-box-ordinal-group: var(--order); order: var(--order); align-self: var(--align-self); flex-direction: var(--flex-direction); flex-wrap: var(--flex-wrap); -webkit-box-pack: var(--justify-content); justify-content: var(--justify-content); -webkit-box-align: var(--align-items); align-items: var(--align-items); align-content: var(--align-content); gap: var(--gap); --widgets-spacing: 20px; font-family: var( --e-global-typography-text-font-family ), Sans-serif; font-weight: var( --e-global-typography-text-font-weight ); width: 1180px;\" data-id=\"d01d2d8\" data-element_type=\"widget\" data-widget_type=\"text-editor.default\"><div><p><span style=\"font-weight: bolder;\"><span style=\"text-decoration-line: underline;\">T\u00edtulo: Puraquequara em mosaico<\/span><\/span><\/p><p>Autoras\/es: Maria Anete Leite Rubim e Lidia Rochedo Ferraz (org.)<\/p><p>Refer\u00eancia completa: RUBIM, M.A.L. FERRAZ, L.R. (org.) Puraquequara em mosaico: hist\u00f3rias,\u00a0 vidas e recursos naturais. Manaus: FUA, 2022. 307p. ISBN: 978-85-526-0077-0<\/p><div>\u00a0<span style=\"text-decoration-line: underline; font-weight: bolder; font-family: var( --e-global-typography-text-font-family ), Sans-serif; letter-spacing: 0.24px; font-size: var(--body_typography-font-size); font-style: var(--body_typography-font-style,normal);\">T\u00edtulo: Diferen\u00e7as culturais: um estudo sobre as significa\u00e7\u00f5es produzidas por docentes de uma escola urbana<\/span><\/div><\/div><\/div><\/div><\/div><\/div><\/section><section style=\"--flex-direction: initial; --flex-wrap: initial; --justify-content: initial; --align-items: initial; --align-content: initial; --gap: initial; --flex-basis: initial; --flex-grow: initial; --flex-shrink: initial; --order: initial; --align-self: initial; flex-basis: var(--flex-basis); -webkit-box-flex: var(--flex-grow); flex-grow: var(--flex-grow); flex-shrink: var(--flex-shrink); -webkit-box-ordinal-group: var(--order); order: var(--order); align-self: var(--align-self); --widgets-spacing: 20px; color: #141617; font-family: Inter, Arial, Helvetica, sans-serif; letter-spacing: 0.24px;\" data-id=\"57df53d\" data-element_type=\"section\"><div style=\"--flex-direction: initial; --flex-wrap: initial; --justify-content: initial; --align-items: initial; --align-content: initial; --gap: initial; --flex-basis: initial; --flex-grow: initial; --flex-shrink: initial; --order: initial; --align-self: initial; flex-basis: var(--flex-basis); -webkit-box-flex: var(--flex-grow); flex-grow: var(--flex-grow); flex-shrink: var(--flex-shrink); -webkit-box-ordinal-group: var(--order); order: var(--order); align-self: var(--align-self); --widgets-spacing: 20px; width: 1200px;\" data-id=\"94dc5e0\" data-element_type=\"column\"><div style=\"width: 1200px;\"><div style=\"--flex-direction: initial; --flex-wrap: initial; --justify-content: initial; --align-items: initial; --align-content: initial; --gap: initial; --flex-basis: initial; --flex-grow: initial; --flex-shrink: initial; --order: initial; --align-self: initial; flex-basis: var(--flex-basis); -webkit-box-flex: var(--flex-grow); flex-grow: var(--flex-grow); flex-shrink: var(--flex-shrink); -webkit-box-ordinal-group: var(--order); order: var(--order); align-self: var(--align-self); flex-direction: var(--flex-direction); flex-wrap: var(--flex-wrap); -webkit-box-pack: var(--justify-content); justify-content: var(--justify-content); -webkit-box-align: var(--align-items); align-items: var(--align-items); align-content: var(--align-content); gap: var(--gap); --widgets-spacing: 20px; font-family: var( --e-global-typography-text-font-family ), Sans-serif; font-weight: var( --e-global-typography-text-font-weight ); width: 1180px;\" data-id=\"b98969d\" data-element_type=\"widget\" data-widget_type=\"text-editor.default\"><p>Autores: F\u00e1bio Alves Gomes; Iolete Ribeiro da Silva.<\/p><p>Refer\u00eancia completa:\u00a0<\/p><p>GOMES, F\u00e1bio Alves; SILVA, Iolete Ribeiro da, Diferen\u00e7as culturais : um estudo dos significados produzidos por docentes de uma escola urbana. S\u00e3o Paulo : Editora Dial\u00e9tica, 2021. 80 p. ISBN 978-65-252-1858-8<span style=\"font-family: var( --e-global-typography-text-font-family ), Sans-serif; font-weight: var( --e-global-typography-text-font-weight ); letter-spacing: 0.24px; font-size: var(--body_typography-font-size); font-style: var(--body_typography-font-style,normal);\">\u00a0<\/span><\/p><\/div><\/div><\/div><\/section><section style=\"--flex-direction: initial; --flex-wrap: initial; --justify-content: initial; --align-items: initial; --align-content: initial; --gap: initial; --flex-basis: initial; --flex-grow: initial; --flex-shrink: initial; --order: initial; --align-self: initial; flex-basis: var(--flex-basis); -webkit-box-flex: var(--flex-grow); flex-grow: var(--flex-grow); flex-shrink: var(--flex-shrink); -webkit-box-ordinal-group: var(--order); order: var(--order); align-self: var(--align-self); --widgets-spacing: 20px; color: #141617; font-family: Inter, Arial, Helvetica, sans-serif; letter-spacing: 0.24px;\" data-id=\"72d3ca4\" data-element_type=\"section\"><div style=\"--flex-direction: initial; --flex-wrap: initial; --justify-content: initial; --align-items: initial; --align-content: initial; --gap: initial; --flex-basis: initial; --flex-grow: initial; --flex-shrink: initial; --order: initial; --align-self: initial; flex-basis: var(--flex-basis); -webkit-box-flex: var(--flex-grow); flex-grow: var(--flex-grow); flex-shrink: var(--flex-shrink); -webkit-box-ordinal-group: var(--order); order: var(--order); align-self: var(--align-self); --widgets-spacing: 20px; width: 1200px;\" data-id=\"c2a6721\" data-element_type=\"column\"><div style=\"width: 1200px;\"><div style=\"--flex-direction: initial; --flex-wrap: initial; --justify-content: initial; --align-items: initial; --align-content: initial; --gap: initial; --flex-basis: initial; --flex-grow: initial; --flex-shrink: initial; --order: initial; --align-self: initial; flex-basis: var(--flex-basis); -webkit-box-flex: var(--flex-grow); flex-grow: var(--flex-grow); flex-shrink: var(--flex-shrink); -webkit-box-ordinal-group: var(--order); order: var(--order); align-self: var(--align-self); flex-direction: var(--flex-direction); flex-wrap: var(--flex-wrap); -webkit-box-pack: var(--justify-content); justify-content: var(--justify-content); -webkit-box-align: var(--align-items); align-items: var(--align-items); align-content: var(--align-content); gap: var(--gap); --widgets-spacing: 20px; font-family: var( --e-global-typography-text-font-family ), Sans-serif; font-weight: var( --e-global-typography-text-font-weight ); width: 1180px;\" data-id=\"2bd1939\" data-element_type=\"widget\" data-widget_type=\"text-editor.default\"><p><span style=\"font-weight: bolder;\"><span style=\"text-decoration-line: underline;\">T\u00edtulo: Constru\u00e7\u00f5es Coletivas de Protagonismo para o Enfrentamento da Viol\u00eancia contra Crian\u00e7as e Adolescentes no Amazonas<\/span><\/span><\/p><p>Autoras\/es: LEIT\u00c3O, C. L.; TORRES, M. S.; Silva, Iolete Ribeiro da<\/p><p>Refer\u00eancia completa: LEIT\u00c3O, C. L.; TORRES, M. S.; Silva, Iolete Ribeiro da. Constru\u00e7\u00f5es Coletivas de Protagonismo para o Enfrentamento da Viol\u00eancia contra Crian\u00e7as e Adolescentes no Amazonas. Manaus e S\u00e3o Paulo: Editora da Universidade Federal do Amazonas\/ALEXA Cultural, 2021, v.1. p.192. ISBN 9786589677789<span style=\"font-family: var( --e-global-typography-text-font-family ), Sans-serif; font-weight: var( --e-global-typography-text-font-weight ); letter-spacing: 0.24px; font-size: var(--body_typography-font-size); font-style: var(--body_typography-font-style,normal);\">\u00a0<\/span><\/p><\/div><\/div><\/div><\/section><section style=\"--flex-direction: initial; --flex-wrap: initial; --justify-content: initial; --align-items: initial; --align-content: initial; --gap: initial; --flex-basis: initial; --flex-grow: initial; --flex-shrink: initial; --order: initial; --align-self: initial; flex-basis: var(--flex-basis); -webkit-box-flex: var(--flex-grow); flex-grow: var(--flex-grow); flex-shrink: var(--flex-shrink); -webkit-box-ordinal-group: var(--order); order: var(--order); align-self: var(--align-self); --widgets-spacing: 20px; color: #141617; font-family: Inter, Arial, Helvetica, sans-serif; letter-spacing: 0.24px;\" data-id=\"4ef00b7\" data-element_type=\"section\"><div><div style=\"--flex-direction: initial; --flex-wrap: initial; --justify-content: initial; --align-items: initial; --align-content: initial; --gap: initial; --flex-basis: initial; --flex-grow: initial; --flex-shrink: initial; --order: initial; --align-self: initial; flex-basis: var(--flex-basis); -webkit-box-flex: var(--flex-grow); flex-grow: var(--flex-grow); flex-shrink: var(--flex-shrink); -webkit-box-ordinal-group: var(--order); order: var(--order); align-self: var(--align-self); --widgets-spacing: 20px; width: 1200px;\" data-id=\"2cb2426\" data-element_type=\"column\"><div style=\"width: 1200px;\"><div style=\"--flex-direction: initial; --flex-wrap: initial; --justify-content: initial; --align-items: initial; --align-content: initial; --gap: initial; --flex-basis: initial; --flex-grow: initial; --flex-shrink: initial; --order: initial; --align-self: initial; flex-basis: var(--flex-basis); -webkit-box-flex: var(--flex-grow); flex-grow: var(--flex-grow); flex-shrink: var(--flex-shrink); -webkit-box-ordinal-group: var(--order); order: var(--order); align-self: var(--align-self); flex-direction: var(--flex-direction); flex-wrap: var(--flex-wrap); -webkit-box-pack: var(--justify-content); justify-content: var(--justify-content); -webkit-box-align: var(--align-items); align-items: var(--align-items); align-content: var(--align-content); gap: var(--gap); --widgets-spacing: 20px; font-family: var( --e-global-typography-text-font-family ), Sans-serif; font-weight: var( --e-global-typography-text-font-weight ); width: 1180px;\" data-id=\"ada67e7\" data-element_type=\"widget\" data-widget_type=\"text-editor.default\"><div><p><span style=\"font-weight: bolder;\"><span style=\"text-decoration-line: underline;\">T\u00edtulo: Processos psicossociais vol.2: pr\u00e1tica e reflex\u00f5es sobre educa\u00e7\u00e3o, sa\u00fade, ruralidades e pol\u00edtica<\/span><\/span><\/p><p>Autoras\/es: CALEGARE, Marcelo Gustavo Aguilar; MEZZALIRA, Adinete Sousa da Costa (Org.)\u00a0<\/p><p>Refer\u00eancia completa com ISBN: CALEGARE, Marcelo Gustavo Aguilar; MEZZALIRA, Adinete Sousa da Costa (Org.) . Processos psicossociais vol.2: pr\u00e1tica e reflex\u00f5es sobre educa\u00e7\u00e3o, sa\u00fade, ruralidades e pol\u00edtica.. 1. ed. Manaus; S\u00e3o Paulo: EDUA; Alexa, 2021. v. 2. 250p. ISBN \u2013 978-65-89677-69-7\u00a0<\/p><\/div><\/div><\/div><\/div><\/div><\/section><\/div>\n\t\t\t\t\t\t\t\t\t<div class=\"elementor-tab-title elementor-tab-mobile-title\" aria-selected=\"false\" data-tab=\"4\" role=\"tab\" tabindex=\"-1\" aria-controls=\"elementor-tab-content-1954\" aria-expanded=\"false\">CAP\u00cdTULOS DE LIVROS PUBLICADOS\u200b<\/div>\n\t\t\t\t\t<div id=\"elementor-tab-content-1954\" class=\"elementor-tab-content elementor-clearfix\" data-tab=\"4\" role=\"tabpanel\" aria-labelledby=\"elementor-tab-title-1954\" tabindex=\"0\" hidden=\"hidden\"><section class=\"elementor-section elementor-top-section elementor-element elementor-element-0aa73b0 elementor-section-boxed elementor-section-height-default elementor-section-height-default\" style=\"--flex-direction: initial; --flex-wrap: initial; --justify-content: initial; --align-items: initial; --align-content: initial; --gap: initial; --flex-basis: initial; --flex-grow: initial; --flex-shrink: initial; --order: initial; --align-self: initial; flex-basis: var(--flex-basis); -webkit-box-flex: var(--flex-grow); flex-grow: var(--flex-grow); flex-shrink: var(--flex-shrink); -webkit-box-ordinal-group: var(--order); order: var(--order); align-self: var(--align-self); --widgets-spacing: 20px; color: #141617; font-family: Inter, Arial, Helvetica, sans-serif; letter-spacing: 0.24px;\" data-id=\"0aa73b0\" data-element_type=\"section\"><div class=\"elementor-container elementor-column-gap-default\"><div class=\"elementor-column elementor-col-100 elementor-top-column elementor-element elementor-element-b3a3158\" style=\"--flex-direction: initial; --flex-wrap: initial; --justify-content: initial; --align-items: initial; --align-content: initial; --gap: initial; --flex-basis: initial; --flex-grow: initial; --flex-shrink: initial; --order: initial; --align-self: initial; flex-basis: var(--flex-basis); -webkit-box-flex: var(--flex-grow); flex-grow: var(--flex-grow); flex-shrink: var(--flex-shrink); -webkit-box-ordinal-group: var(--order); order: var(--order); align-self: var(--align-self); --widgets-spacing: 20px; width: 1200px;\" data-id=\"b3a3158\" data-element_type=\"column\"><div class=\"elementor-widget-wrap elementor-element-populated\" style=\"width: 1200px;\"><div class=\"elementor-element elementor-element-d59d3e3 elementor-widget elementor-widget-text-editor\" style=\"--flex-direction: initial; --flex-wrap: initial; --justify-content: initial; --align-items: initial; --align-content: initial; --gap: initial; --flex-basis: initial; --flex-grow: initial; --flex-shrink: initial; --order: initial; --align-self: initial; flex-basis: var(--flex-basis); -webkit-box-flex: var(--flex-grow); flex-grow: var(--flex-grow); flex-shrink: var(--flex-shrink); -webkit-box-ordinal-group: var(--order); order: var(--order); align-self: var(--align-self); flex-direction: var(--flex-direction); flex-wrap: var(--flex-wrap); -webkit-box-pack: var(--justify-content); justify-content: var(--justify-content); -webkit-box-align: var(--align-items); align-items: var(--align-items); align-content: var(--align-content); gap: var(--gap); --widgets-spacing: 20px; font-family: var( --e-global-typography-text-font-family ), Sans-serif; font-weight: var( --e-global-typography-text-font-weight ); width: 1180px;\" data-id=\"d59d3e3\" data-element_type=\"widget\" data-widget_type=\"text-editor.default\"><div class=\"elementor-widget-container\"><p><span style=\"font-weight: bolder;\"><span style=\"text-decoration-line: underline;\">T\u00edtulo: A hist\u00f3ria da explora\u00e7\u00e3o sexual no Amazonas: redes em movimento<\/span><\/span><\/p><p>Autores: LEIT\u00c3O, C. L.; Silva, Iolete Ribeiro da ; WIGGERS, R.<\/p><p>Refer\u00eancia completa com ISBN: LEIT\u00c3O, C. L.; Silva, Iolete Ribeiro da ; WIGGERS, R.<\/p><p>A hist\u00f3ria da explora\u00e7\u00e3o sexual no Amazonas: redes em movimento In: Constru\u00e7\u00f5es Coletivas de Protagonismo para o Enfrentamento da Viol\u00eancia contra Crian\u00e7as e Adolescentes no Amazonas.1ed.Manaus\/S\u00e3o Paulo: Editora da Universidade Federal do Amazonas\/ALEXA Cultural, 2021, v.1, p. 23-43. ISBN: 9786589677789<span style=\"color: var( --e-global-color-text ); font-family: var( --e-global-typography-text-font-family ), Sans-serif; font-weight: var( --e-global-typography-text-font-weight ); background-color: var(--content_bg_color); font-size: var(--body_typography-font-size); font-style: var(--body_typography-font-style,normal); letter-spacing: var(--body_typography-letter-spacing);\">\u00a0<\/span><\/p><\/div><\/div><\/div><\/div><\/div><\/section><section class=\"elementor-section elementor-top-section elementor-element elementor-element-a3185db elementor-section-boxed elementor-section-height-default elementor-section-height-default\" style=\"--flex-direction: initial; --flex-wrap: initial; --justify-content: initial; --align-items: initial; --align-content: initial; --gap: initial; --flex-basis: initial; --flex-grow: initial; --flex-shrink: initial; --order: initial; --align-self: initial; flex-basis: var(--flex-basis); -webkit-box-flex: var(--flex-grow); flex-grow: var(--flex-grow); flex-shrink: var(--flex-shrink); -webkit-box-ordinal-group: var(--order); order: var(--order); align-self: var(--align-self); --widgets-spacing: 20px; color: #141617; font-family: Inter, Arial, Helvetica, sans-serif; letter-spacing: 0.24px;\" data-id=\"a3185db\" data-element_type=\"section\"><div class=\"elementor-container elementor-column-gap-default\"><div class=\"elementor-column elementor-col-100 elementor-top-column elementor-element elementor-element-3c0994d\" style=\"--flex-direction: initial; --flex-wrap: initial; --justify-content: initial; --align-items: initial; --align-content: initial; --gap: initial; --flex-basis: initial; --flex-grow: initial; --flex-shrink: initial; --order: initial; --align-self: initial; flex-basis: var(--flex-basis); -webkit-box-flex: var(--flex-grow); flex-grow: var(--flex-grow); flex-shrink: var(--flex-shrink); -webkit-box-ordinal-group: var(--order); order: var(--order); align-self: var(--align-self); --widgets-spacing: 20px; width: 1200px;\" data-id=\"3c0994d\" data-element_type=\"column\"><div class=\"elementor-widget-wrap elementor-element-populated\" style=\"width: 1200px;\"><div class=\"elementor-element elementor-element-33887a9 elementor-widget elementor-widget-text-editor\" style=\"--flex-direction: initial; --flex-wrap: initial; --justify-content: initial; --align-items: initial; --align-content: initial; --gap: initial; --flex-basis: initial; --flex-grow: initial; --flex-shrink: initial; --order: initial; --align-self: initial; flex-basis: var(--flex-basis); -webkit-box-flex: var(--flex-grow); flex-grow: var(--flex-grow); flex-shrink: var(--flex-shrink); -webkit-box-ordinal-group: var(--order); order: var(--order); align-self: var(--align-self); flex-direction: var(--flex-direction); flex-wrap: var(--flex-wrap); -webkit-box-pack: var(--justify-content); justify-content: var(--justify-content); -webkit-box-align: var(--align-items); align-items: var(--align-items); align-content: var(--align-content); gap: var(--gap); --widgets-spacing: 20px; font-family: var( --e-global-typography-text-font-family ), Sans-serif; font-weight: var( --e-global-typography-text-font-weight ); width: 1180px;\" data-id=\"33887a9\" data-element_type=\"widget\" data-widget_type=\"text-editor.default\"><div class=\"elementor-widget-container\"><p><span style=\"font-weight: bolder;\"><span style=\"text-decoration-line: underline;\">T\u00edtulo: A POL\u00cdTICA DE EQUIDADE DE G\u00caNERO DA UNIVERSIDADE FEDERAL DO AMAZONAS: DESAFIOS PARA A IMPLEMENTA\u00c7\u00c3O<\/span><\/span><\/p><p>Autores: Silva, Iolete Ribeiro da ; SILVA, C. R.; LEIT\u00c3O, C. L.<\/p><p>Refer\u00eancia completa com ISBN: Silva, Iolete Ribeiro da ; SILVA, C. R.; LEIT\u00c3O, C. L.<\/p><p>A POL\u00cdTICA DE EQUIDADE DE G\u00caNERO DA UNIVERSIDADE FEDERAL DO AMAZONAS: DESAFIOS PARA A IMPLEMENTA\u00c7\u00c3O In: Viol\u00eancia contra as mulheres nas universidades.1 ed.Manaus \/ S\u00e3o Paulo:EDUA\/ Alexa Cultural, 2021, v.1, p. 183-196. ISBN: 9786589677222 (impresso), ISBN \u2013 978-65-89677-34-5 do EBOOK<span style=\"color: var( --e-global-color-text ); font-family: var( --e-global-typography-text-font-family ), Sans-serif; font-weight: var( --e-global-typography-text-font-weight ); background-color: var(--content_bg_color); font-size: var(--body_typography-font-size); font-style: var(--body_typography-font-style,normal); letter-spacing: var(--body_typography-letter-spacing);\">\u00a0<\/span><\/p><\/div><\/div><\/div><\/div><\/div><\/section><section class=\"elementor-section elementor-top-section elementor-element elementor-element-a7eb168 elementor-section-boxed elementor-section-height-default elementor-section-height-default\" style=\"--flex-direction: initial; --flex-wrap: initial; --justify-content: initial; --align-items: initial; --align-content: initial; --gap: initial; --flex-basis: initial; --flex-grow: initial; --flex-shrink: initial; --order: initial; --align-self: initial; flex-basis: var(--flex-basis); -webkit-box-flex: var(--flex-grow); flex-grow: var(--flex-grow); flex-shrink: var(--flex-shrink); -webkit-box-ordinal-group: var(--order); order: var(--order); align-self: var(--align-self); --widgets-spacing: 20px; color: #141617; font-family: Inter, Arial, Helvetica, sans-serif; letter-spacing: 0.24px;\" data-id=\"a7eb168\" data-element_type=\"section\"><div class=\"elementor-container elementor-column-gap-default\"><div class=\"elementor-column elementor-col-100 elementor-top-column elementor-element elementor-element-c45ebd7\" style=\"--flex-direction: initial; --flex-wrap: initial; --justify-content: initial; --align-items: initial; --align-content: initial; --gap: initial; --flex-basis: initial; --flex-grow: initial; --flex-shrink: initial; --order: initial; --align-self: initial; flex-basis: var(--flex-basis); -webkit-box-flex: var(--flex-grow); flex-grow: var(--flex-grow); flex-shrink: var(--flex-shrink); -webkit-box-ordinal-group: var(--order); order: var(--order); align-self: var(--align-self); --widgets-spacing: 20px; width: 1200px;\" data-id=\"c45ebd7\" data-element_type=\"column\"><div class=\"elementor-widget-wrap elementor-element-populated\" style=\"width: 1200px;\"><div class=\"elementor-element elementor-element-7a9d784 elementor-widget elementor-widget-text-editor\" style=\"--flex-direction: initial; --flex-wrap: initial; --justify-content: initial; --align-items: initial; --align-content: initial; --gap: initial; --flex-basis: initial; --flex-grow: initial; --flex-shrink: initial; --order: initial; --align-self: initial; flex-basis: var(--flex-basis); -webkit-box-flex: var(--flex-grow); flex-grow: var(--flex-grow); flex-shrink: var(--flex-shrink); -webkit-box-ordinal-group: var(--order); order: var(--order); align-self: var(--align-self); flex-direction: var(--flex-direction); flex-wrap: var(--flex-wrap); -webkit-box-pack: var(--justify-content); justify-content: var(--justify-content); -webkit-box-align: var(--align-items); align-items: var(--align-items); align-content: var(--align-content); gap: var(--gap); --widgets-spacing: 20px; font-family: var( --e-global-typography-text-font-family ), Sans-serif; font-weight: var( --e-global-typography-text-font-weight ); width: 1180px;\" data-id=\"7a9d784\" data-element_type=\"widget\" data-widget_type=\"text-editor.default\"><div class=\"elementor-widget-container\"><p><span style=\"font-weight: bolder;\"><span style=\"text-decoration-line: underline;\">T\u00edtulo: CRIAN\u00c7AS, JOVENS E ANCI\u00c3OS<\/span><\/span><\/p><p>Autores: MELO, B. D.; BETTIOL, C. A.; Silva, Iolete Ribeiro da; SILVA, M. S.; FERREIRA, L. O.; MACUXI, G. R.A.; TEMBE, M. D. A.<\/p><p>Refer\u00eancia completa com ISBN: MELO, B. D.; BETTIOL, C. A.; Silva, Iolete Ribeiro da; SILVA, M. S.; FERREIRA, L. O.; MACUXI, G. R.A.; TEMBE, M. D. A. CRIAN\u00c7AS, JOVENS E ANCI\u00c3OS In: Bem Viver: Sa\u00fade Mental Ind\u00edgena.1 ed.Porto Alegre, RS: Editora Rede Unida, 2021, v.1, p. 60-83. ISBN: 9786587180403. Homepage: https:\/\/editora.redeunida.org.br\/project\/bem-viver-saude-mental-indigena\/<\/p><\/div><\/div><\/div><\/div><\/div><\/section><section class=\"elementor-section elementor-top-section elementor-element elementor-element-cac1b67 elementor-section-boxed elementor-section-height-default elementor-section-height-default\" style=\"--flex-direction: initial; --flex-wrap: initial; --justify-content: initial; --align-items: initial; --align-content: initial; --gap: initial; --flex-basis: initial; --flex-grow: initial; --flex-shrink: initial; --order: initial; --align-self: initial; flex-basis: var(--flex-basis); -webkit-box-flex: var(--flex-grow); flex-grow: var(--flex-grow); flex-shrink: var(--flex-shrink); -webkit-box-ordinal-group: var(--order); order: var(--order); align-self: var(--align-self); --widgets-spacing: 20px; color: #141617; font-family: Inter, Arial, Helvetica, sans-serif; letter-spacing: 0.24px;\" data-id=\"cac1b67\" data-element_type=\"section\"><div class=\"elementor-container elementor-column-gap-default\"><div class=\"elementor-column elementor-col-100 elementor-top-column elementor-element elementor-element-385ac43\" style=\"--flex-direction: initial; --flex-wrap: initial; --justify-content: initial; --align-items: initial; --align-content: initial; --gap: initial; --flex-basis: initial; --flex-grow: initial; --flex-shrink: initial; --order: initial; --align-self: initial; flex-basis: var(--flex-basis); -webkit-box-flex: var(--flex-grow); flex-grow: var(--flex-grow); flex-shrink: var(--flex-shrink); -webkit-box-ordinal-group: var(--order); order: var(--order); align-self: var(--align-self); --widgets-spacing: 20px; width: 1200px;\" data-id=\"385ac43\" data-element_type=\"column\"><div class=\"elementor-widget-wrap elementor-element-populated\" style=\"width: 1200px;\"><div class=\"elementor-element elementor-element-ac86805 elementor-widget elementor-widget-text-editor\" style=\"--flex-direction: initial; --flex-wrap: initial; --justify-content: initial; --align-items: initial; --align-content: initial; --gap: initial; --flex-basis: initial; --flex-grow: initial; --flex-shrink: initial; --order: initial; --align-self: initial; flex-basis: var(--flex-basis); -webkit-box-flex: var(--flex-grow); flex-grow: var(--flex-grow); flex-shrink: var(--flex-shrink); -webkit-box-ordinal-group: var(--order); order: var(--order); align-self: var(--align-self); flex-direction: var(--flex-direction); flex-wrap: var(--flex-wrap); -webkit-box-pack: var(--justify-content); justify-content: var(--justify-content); -webkit-box-align: var(--align-items); align-items: var(--align-items); align-content: var(--align-content); gap: var(--gap); --widgets-spacing: 20px; font-family: var( --e-global-typography-text-font-family ), Sans-serif; font-weight: var( --e-global-typography-text-font-weight ); width: 1180px;\" data-id=\"ac86805\" data-element_type=\"widget\" data-widget_type=\"text-editor.default\"><div class=\"elementor-widget-container\"><p><span style=\"font-weight: bolder;\"><span style=\"text-decoration-line: underline;\">T\u00edtulo: Desafios para um trabalho participativo no curso de psicologia da Universidade Federal do Amazonas: forma\u00e7\u00e3o, hist\u00f3ria e compromisso social\u00a0<\/span><\/span><\/p><p>Autores: Silva, Iolete Ribeiro da ; TORRES, M. S.; MARTINS, A. C. F<\/p><p>Refer\u00eancia completa com ISBN: Silva, Iolete Ribeiro da ; TORRES, M. S.; MARTINS, A. C. F. Desafios para um trabalho participativo no curso de psicologia da Universidade Federal do Amazonas: forma\u00e7\u00e3o, hist\u00f3ria e compromisso social (1995-2021) In: Forma\u00e7\u00e3o em Psicologia Social e sociologias insurgentes: tramas hist\u00f3ricas em educa\u00e7\u00e3o libert\u00e1ria.1 ed.Curitiba: CRV, 2021, v.16, p. 383-394. ISBN: 9786525120171<\/p><\/div><\/div><\/div><\/div><\/div><\/section><section class=\"elementor-section elementor-top-section elementor-element elementor-element-492b1ca elementor-section-boxed elementor-section-height-default elementor-section-height-default\" style=\"--flex-direction: initial; --flex-wrap: initial; --justify-content: initial; --align-items: initial; --align-content: initial; --gap: initial; --flex-basis: initial; --flex-grow: initial; --flex-shrink: initial; --order: initial; --align-self: initial; flex-basis: var(--flex-basis); -webkit-box-flex: var(--flex-grow); flex-grow: var(--flex-grow); flex-shrink: var(--flex-shrink); -webkit-box-ordinal-group: var(--order); order: var(--order); align-self: var(--align-self); --widgets-spacing: 20px; color: #141617; font-family: Inter, Arial, Helvetica, sans-serif; letter-spacing: 0.24px;\" data-id=\"492b1ca\" data-element_type=\"section\"><div class=\"elementor-container elementor-column-gap-default\"><div class=\"elementor-column elementor-col-100 elementor-top-column elementor-element elementor-element-a049d48\" style=\"--flex-direction: initial; --flex-wrap: initial; --justify-content: initial; --align-items: initial; --align-content: initial; --gap: initial; --flex-basis: initial; --flex-grow: initial; --flex-shrink: initial; --order: initial; --align-self: initial; flex-basis: var(--flex-basis); -webkit-box-flex: var(--flex-grow); flex-grow: var(--flex-grow); flex-shrink: var(--flex-shrink); -webkit-box-ordinal-group: var(--order); order: var(--order); align-self: var(--align-self); --widgets-spacing: 20px; width: 1200px;\" data-id=\"a049d48\" data-element_type=\"column\"><div class=\"elementor-widget-wrap elementor-element-populated\" style=\"width: 1200px;\"><div class=\"elementor-element elementor-element-68e44a2 elementor-widget elementor-widget-text-editor\" style=\"--flex-direction: initial; --flex-wrap: initial; --justify-content: initial; --align-items: initial; --align-content: initial; --gap: initial; --flex-basis: initial; --flex-grow: initial; --flex-shrink: initial; --order: initial; --align-self: initial; flex-basis: var(--flex-basis); -webkit-box-flex: var(--flex-grow); flex-grow: var(--flex-grow); flex-shrink: var(--flex-shrink); -webkit-box-ordinal-group: var(--order); order: var(--order); align-self: var(--align-self); flex-direction: var(--flex-direction); flex-wrap: var(--flex-wrap); -webkit-box-pack: var(--justify-content); justify-content: var(--justify-content); -webkit-box-align: var(--align-items); align-items: var(--align-items); align-content: var(--align-content); gap: var(--gap); --widgets-spacing: 20px; font-family: var( --e-global-typography-text-font-family ), Sans-serif; font-weight: var( --e-global-typography-text-font-weight ); width: 1180px;\" data-id=\"68e44a2\" data-element_type=\"widget\" data-widget_type=\"text-editor.default\"><div class=\"elementor-widget-container\"><p><span style=\"font-weight: bolder;\"><span style=\"text-decoration-line: underline;\">T\u00edtulo: Protagonistas na dan\u00e7a da vida: viv\u00eancias e metamorfoses em um grupo de adolescentes v\u00edtimas de explora\u00e7\u00e3o sexual<\/span><\/span><\/p><p>Autores:\u00a0 CARDOSO, E. C. S. Silva, Iolete Ribeiro da; LEIT\u00c3O, C. L.\u00a0<\/p><p>Refer\u00eancia completa com ISBN: CARDOSO, E. C. S.; Silva, Iolete Ribeiro da; LEIT\u00c3O, C. L. Protagonistas na dan\u00e7a da vida: viv\u00eancias e metamorfoses em um grupo de adolescentes v\u00edtimas de explora\u00e7\u00e3o sexual In: Constru\u00e7\u00f5es Coletivas de Protagonismo para o Enfrentamento da Viol\u00eancia contra Crian\u00e7as e Adolescentes no Amazonas.1 ed.Manaus\/S\u00e3o Paulo: Editora da Universidade Federal do Amazonas\/ALEXA Cultural, 2021, v.1, p. 165-183. ISBN: 9786589677789<span style=\"color: var( --e-global-color-text ); font-family: var( --e-global-typography-text-font-family ), Sans-serif; font-weight: var( --e-global-typography-text-font-weight ); background-color: var(--content_bg_color); font-size: var(--body_typography-font-size); font-style: var(--body_typography-font-style,normal); letter-spacing: var(--body_typography-letter-spacing);\">\u00a0<\/span><\/p><\/div><\/div><\/div><\/div><\/div><\/section><section class=\"elementor-section elementor-top-section elementor-element elementor-element-ac546cc elementor-section-boxed elementor-section-height-default elementor-section-height-default\" style=\"--flex-direction: initial; --flex-wrap: initial; --justify-content: initial; --align-items: initial; --align-content: initial; --gap: initial; --flex-basis: initial; --flex-grow: initial; --flex-shrink: initial; --order: initial; --align-self: initial; flex-basis: var(--flex-basis); -webkit-box-flex: var(--flex-grow); flex-grow: var(--flex-grow); flex-shrink: var(--flex-shrink); -webkit-box-ordinal-group: var(--order); order: var(--order); align-self: var(--align-self); --widgets-spacing: 20px; color: #141617; font-family: Inter, Arial, Helvetica, sans-serif; letter-spacing: 0.24px;\" data-id=\"ac546cc\" data-element_type=\"section\"><div class=\"elementor-container elementor-column-gap-default\"><div class=\"elementor-column elementor-col-100 elementor-top-column elementor-element elementor-element-58bb073\" style=\"--flex-direction: initial; --flex-wrap: initial; --justify-content: initial; --align-items: initial; --align-content: initial; --gap: initial; --flex-basis: initial; --flex-grow: initial; --flex-shrink: initial; --order: initial; --align-self: initial; flex-basis: var(--flex-basis); -webkit-box-flex: var(--flex-grow); flex-grow: var(--flex-grow); flex-shrink: var(--flex-shrink); -webkit-box-ordinal-group: var(--order); order: var(--order); align-self: var(--align-self); --widgets-spacing: 20px; width: 1200px;\" data-id=\"58bb073\" data-element_type=\"column\"><div class=\"elementor-widget-wrap elementor-element-populated\" style=\"width: 1200px;\"><div class=\"elementor-element elementor-element-d52e5ee elementor-widget elementor-widget-text-editor\" style=\"--flex-direction: initial; --flex-wrap: initial; --justify-content: initial; --align-items: initial; --align-content: initial; --gap: initial; --flex-basis: initial; --flex-grow: initial; --flex-shrink: initial; --order: initial; --align-self: initial; flex-basis: var(--flex-basis); -webkit-box-flex: var(--flex-grow); flex-grow: var(--flex-grow); flex-shrink: var(--flex-shrink); -webkit-box-ordinal-group: var(--order); order: var(--order); align-self: var(--align-self); flex-direction: var(--flex-direction); flex-wrap: var(--flex-wrap); -webkit-box-pack: var(--justify-content); justify-content: var(--justify-content); -webkit-box-align: var(--align-items); align-items: var(--align-items); align-content: var(--align-content); gap: var(--gap); --widgets-spacing: 20px; font-family: var( --e-global-typography-text-font-family ), Sans-serif; font-weight: var( --e-global-typography-text-font-weight ); width: 1180px;\" data-id=\"d52e5ee\" data-element_type=\"widget\" data-widget_type=\"text-editor.default\"><div class=\"elementor-widget-container\"><p><span style=\"font-weight: bolder;\"><span style=\"text-decoration-line: underline;\">T\u00edtulo:\u00a0 VIOL\u00caNCIAS NO COTIDIANO DAS COMUNIDADES\u00a0<\/span><\/span><\/p><p>Autores: MELO, B. D.; SERPERLONI, F.; Silva, Iolete Ribeiro da ; FERREIRA, L. O.; XUKURU, E. S. R.; ANDR\u00c9, E. F.; TEMBE, M.\u00a0 D. A.; MUNDURUKU, Y. C. C.<\/p><p>Refer\u00eancia completa com ISBN: MELO, B. D.; SERPERLONI, F.; Silva, Iolete Ribeiro da ; FERREIRA, L. O.; XUKURU, E. S. R.; ANDR\u00c9, E. F.; TEMBE, M.\u00a0 D. A.; MUNDURUKU, Y. C. C. VIOL\u00caNCIAS NO COTIDIANO DAS COMUNIDADES In: Bem Viver: Sa\u00fade Mental Ind\u00edgena.1 ed. Porto Alegre, RS: Editora Rede Unida, 2021, v.1, p. 84-109. ISBN: 9786587180403. Homepage: https:\/\/editora.redeunida.org.br\/project\/bem-viver-saude-mental-indigena\/<\/p><\/div><\/div><\/div><\/div><\/div><\/section><section class=\"elementor-section elementor-top-section elementor-element elementor-element-ab4fb68 elementor-section-boxed elementor-section-height-default elementor-section-height-default\" style=\"--flex-direction: initial; --flex-wrap: initial; --justify-content: initial; --align-items: initial; --align-content: initial; --gap: initial; --flex-basis: initial; --flex-grow: initial; --flex-shrink: initial; --order: initial; --align-self: initial; flex-basis: var(--flex-basis); -webkit-box-flex: var(--flex-grow); flex-grow: var(--flex-grow); flex-shrink: var(--flex-shrink); -webkit-box-ordinal-group: var(--order); order: var(--order); align-self: var(--align-self); --widgets-spacing: 20px; color: #141617; font-family: Inter, Arial, Helvetica, sans-serif; letter-spacing: 0.24px;\" data-id=\"ab4fb68\" data-element_type=\"section\"><div class=\"elementor-container elementor-column-gap-default\"><div class=\"elementor-column elementor-col-100 elementor-top-column elementor-element elementor-element-469d087\" style=\"--flex-direction: initial; --flex-wrap: initial; --justify-content: initial; --align-items: initial; --align-content: initial; --gap: initial; --flex-basis: initial; --flex-grow: initial; --flex-shrink: initial; --order: initial; --align-self: initial; flex-basis: var(--flex-basis); -webkit-box-flex: var(--flex-grow); flex-grow: var(--flex-grow); flex-shrink: var(--flex-shrink); -webkit-box-ordinal-group: var(--order); order: var(--order); align-self: var(--align-self); --widgets-spacing: 20px; width: 1200px;\" data-id=\"469d087\" data-element_type=\"column\"><div class=\"elementor-widget-wrap elementor-element-populated\" style=\"width: 1200px;\"><div class=\"elementor-element elementor-element-93fb46c elementor-widget elementor-widget-text-editor\" style=\"--flex-direction: initial; --flex-wrap: initial; --justify-content: initial; --align-items: initial; --align-content: initial; --gap: initial; --flex-basis: initial; --flex-grow: initial; --flex-shrink: initial; --order: initial; --align-self: initial; flex-basis: var(--flex-basis); -webkit-box-flex: var(--flex-grow); flex-grow: var(--flex-grow); flex-shrink: var(--flex-shrink); -webkit-box-ordinal-group: var(--order); order: var(--order); align-self: var(--align-self); flex-direction: var(--flex-direction); flex-wrap: var(--flex-wrap); -webkit-box-pack: var(--justify-content); justify-content: var(--justify-content); -webkit-box-align: var(--align-items); align-items: var(--align-items); align-content: var(--align-content); gap: var(--gap); --widgets-spacing: 20px; font-family: var( --e-global-typography-text-font-family ), Sans-serif; font-weight: var( --e-global-typography-text-font-weight ); width: 1180px;\" data-id=\"93fb46c\" data-element_type=\"widget\" data-widget_type=\"text-editor.default\"><div class=\"elementor-widget-container\"><p><span style=\"font-weight: bolder;\"><span style=\"text-decoration-line: underline;\">T\u00edtulo: Democracia na escola? Decis\u00f5es n\u00e3o compartilhadas e impactos na vida dos estudantes.<\/span><\/span><\/p><p>Autores: MEZZALIRA, Adinete Sousa da Costa; SILVA, Maria \u00c1urea Pereira ; GUZZO, Raquel Souza Lobo\u00a0<\/p><p>Refer\u00eancia completa com ISBN: MEZZALIRA, Adinete Sousa da Costa; SILVA, Maria \u00c1urea Pereira ; GUZZO, Raquel Souza Lobo . Democracia na escola? Decis\u00f5es n\u00e3o compartilhadas e impactos na vida dos estudantes. In: Marcelo Calegare; Adinete Sousa da Costa Mezzalira. (Org.). Processos Psicossociais vol.2: pr\u00e1tica e reflex\u00f5es sobre educa\u00e7\u00e3o, sa\u00fade, ruralidades e pol\u00edticas. 1ed. S\u00e3o Paulo \/ Manaus: Alexa \/ EDUA, 2021, v. 2, p. 203-224. ISBN \u2013 978-65-89677-69-7\u00a0<\/p><div>\u00a0<\/div><\/div><\/div><\/div><\/div><\/div><\/section><section class=\"elementor-section elementor-top-section elementor-element elementor-element-9cf9166 elementor-section-boxed elementor-section-height-default elementor-section-height-default\" style=\"--flex-direction: initial; --flex-wrap: initial; --justify-content: initial; --align-items: initial; --align-content: initial; --gap: initial; --flex-basis: initial; --flex-grow: initial; --flex-shrink: initial; --order: initial; --align-self: initial; flex-basis: var(--flex-basis); -webkit-box-flex: var(--flex-grow); flex-grow: var(--flex-grow); flex-shrink: var(--flex-shrink); -webkit-box-ordinal-group: var(--order); order: var(--order); align-self: var(--align-self); --widgets-spacing: 20px; color: #141617; font-family: Inter, Arial, Helvetica, sans-serif; letter-spacing: 0.24px;\" data-id=\"9cf9166\" data-element_type=\"section\"><div class=\"elementor-container elementor-column-gap-default\"><div class=\"elementor-column elementor-col-100 elementor-top-column elementor-element elementor-element-ebcdf1c\" style=\"--flex-direction: initial; --flex-wrap: initial; --justify-content: initial; --align-items: initial; --align-content: initial; --gap: initial; --flex-basis: initial; --flex-grow: initial; --flex-shrink: initial; --order: initial; --align-self: initial; flex-basis: var(--flex-basis); -webkit-box-flex: var(--flex-grow); flex-grow: var(--flex-grow); flex-shrink: var(--flex-shrink); -webkit-box-ordinal-group: var(--order); order: var(--order); align-self: var(--align-self); --widgets-spacing: 20px; width: 1200px;\" data-id=\"ebcdf1c\" data-element_type=\"column\"><div class=\"elementor-widget-wrap elementor-element-populated\" style=\"width: 1200px;\"><div class=\"elementor-element elementor-element-ca569a7 elementor-widget elementor-widget-text-editor\" style=\"--flex-direction: initial; --flex-wrap: initial; --justify-content: initial; --align-items: initial; --align-content: initial; --gap: initial; --flex-basis: initial; --flex-grow: initial; --flex-shrink: initial; --order: initial; --align-self: initial; flex-basis: var(--flex-basis); -webkit-box-flex: var(--flex-grow); flex-grow: var(--flex-grow); flex-shrink: var(--flex-shrink); -webkit-box-ordinal-group: var(--order); order: var(--order); align-self: var(--align-self); flex-direction: var(--flex-direction); flex-wrap: var(--flex-wrap); -webkit-box-pack: var(--justify-content); justify-content: var(--justify-content); -webkit-box-align: var(--align-items); align-items: var(--align-items); align-content: var(--align-content); gap: var(--gap); --widgets-spacing: 20px; font-family: var( --e-global-typography-text-font-family ), Sans-serif; font-weight: var( --e-global-typography-text-font-weight ); width: 1180px;\" data-id=\"ca569a7\" data-element_type=\"widget\" data-widget_type=\"text-editor.default\"><div class=\"elementor-widget-container\"><p><span style=\"font-weight: bolder;\"><span style=\"text-decoration-line: underline;\">T\u00edtulo: O psic\u00f3logo escolar promovendo o processo do aprender de alunos universit\u00e1rios.\u00a0<\/span><\/span><\/p><p>Autores: BECKMAN, Marcia Val\u00e9ria Reis ; CANTANHEDE, Erica Maria P. Q. ; MEZZALIRA, Adinete Sousa da Costa ; Weber, Mara Aparecida Lissarassa\u00a0<\/p><p>Refer\u00eancia completa com ISBN: BECKMAN, Marcia Val\u00e9ria Reis ; CANTANHEDE, Erica Maria P. Q. ; MEZZALIRA, Adinete Sousa da Costa ; Weber, Mara Aparecida Lissarassa . O psic\u00f3logo escolar promovendo o processo do aprender de alunos universit\u00e1rios. In: Claisy Maria Marinho-Araujo; Lilian Aparecida Dugnani. (Org.). Psicologia escolar na educa\u00e7\u00e3o superior. 1ed. Campinas: Al\u00ednea, 2021, v. 1, p. 000-000.<span style=\"color: var( --e-global-color-text ); font-family: var( --e-global-typography-text-font-family ), Sans-serif; font-weight: var( --e-global-typography-text-font-weight ); background-color: var(--content_bg_color); font-size: var(--body_typography-font-size); font-style: var(--body_typography-font-style,normal); letter-spacing: var(--body_typography-letter-spacing);\">\u00a0<\/span><\/p><\/div><\/div><\/div><\/div><\/div><\/section><section class=\"elementor-section elementor-top-section elementor-element elementor-element-9f303af elementor-section-boxed elementor-section-height-default elementor-section-height-default\" style=\"--flex-direction: initial; --flex-wrap: initial; --justify-content: initial; --align-items: initial; --align-content: initial; --gap: initial; --flex-basis: initial; --flex-grow: initial; --flex-shrink: initial; --order: initial; --align-self: initial; flex-basis: var(--flex-basis); -webkit-box-flex: var(--flex-grow); flex-grow: var(--flex-grow); flex-shrink: var(--flex-shrink); -webkit-box-ordinal-group: var(--order); order: var(--order); align-self: var(--align-self); --widgets-spacing: 20px; color: #141617; font-family: Inter, Arial, Helvetica, sans-serif; letter-spacing: 0.24px;\" data-id=\"9f303af\" data-element_type=\"section\"><div class=\"elementor-container elementor-column-gap-default\"><div class=\"elementor-column elementor-col-100 elementor-top-column elementor-element elementor-element-8c520db\" style=\"--flex-direction: initial; --flex-wrap: initial; --justify-content: initial; --align-items: initial; --align-content: initial; --gap: initial; --flex-basis: initial; --flex-grow: initial; --flex-shrink: initial; --order: initial; --align-self: initial; flex-basis: var(--flex-basis); -webkit-box-flex: var(--flex-grow); flex-grow: var(--flex-grow); flex-shrink: var(--flex-shrink); -webkit-box-ordinal-group: var(--order); order: var(--order); align-self: var(--align-self); --widgets-spacing: 20px; width: 1200px;\" data-id=\"8c520db\" data-element_type=\"column\"><div class=\"elementor-widget-wrap elementor-element-populated\" style=\"width: 1200px;\"><div class=\"elementor-element elementor-element-2f8cdbd elementor-widget elementor-widget-text-editor\" style=\"--flex-direction: initial; --flex-wrap: initial; --justify-content: initial; --align-items: initial; --align-content: initial; --gap: initial; --flex-basis: initial; --flex-grow: initial; --flex-shrink: initial; --order: initial; --align-self: initial; flex-basis: var(--flex-basis); -webkit-box-flex: var(--flex-grow); flex-grow: var(--flex-grow); flex-shrink: var(--flex-shrink); -webkit-box-ordinal-group: var(--order); order: var(--order); align-self: var(--align-self); flex-direction: var(--flex-direction); flex-wrap: var(--flex-wrap); -webkit-box-pack: var(--justify-content); justify-content: var(--justify-content); -webkit-box-align: var(--align-items); align-items: var(--align-items); align-content: var(--align-content); gap: var(--gap); --widgets-spacing: 20px; font-family: var( --e-global-typography-text-font-family ), Sans-serif; font-weight: var( --e-global-typography-text-font-weight ); width: 1180px;\" data-id=\"2f8cdbd\" data-element_type=\"widget\" data-widget_type=\"text-editor.default\"><div class=\"elementor-widget-container\"><p><span style=\"font-weight: bolder;\"><span style=\"text-decoration-line: underline;\">T\u00edtulo: Luta e liberta\u00e7\u00e3o: sentidos e significados das viv\u00eancias de escolariza\u00e7\u00e3o das travestis e transexuais na escola<\/span><\/span><\/p><p>Autores: Ane Caroline Coutinho Nunes, Andrews do Nascimento Duque, Andr\u00e9 Luiz Machado das Neves, Iolete Ribeiro da Silva.<\/p><p>Refer\u00eancia completa com ISBN: NUNES, Ane Caroline Coutinho; DUQUE, Andrews do Nascimento; NEVES, Andr\u00e9 Luiz Machado das; SILVA, Iolete Ribeiro da. Luta e liberta\u00e7\u00e3o: sentidos e significados das viv\u00eancias de escolariza\u00e7\u00e3o das travestis e transexuais na escola.\u00a0 In: G\u00eanero, Sexualidade e Educa\u00e7\u00e3o: perspectivas, cidadania e saberes para a inclus\u00e3o da diversidade, Adan Ren\u00ea Pereira da Silva e Suely Aparecida do Nascimento Mascarenhas (orgs). Alexa Cultural: S\u00e3o Paulo, EDUA: Manaus, 2021. ISBN -978-85-5467-161-7 . (pp. 205-214 )<\/p><\/div><\/div><\/div><\/div><\/div><\/section><section class=\"elementor-section elementor-top-section elementor-element elementor-element-071d8e2 elementor-section-boxed elementor-section-height-default elementor-section-height-default\" style=\"--flex-direction: initial; --flex-wrap: initial; --justify-content: initial; --align-items: initial; --align-content: initial; --gap: initial; --flex-basis: initial; --flex-grow: initial; --flex-shrink: initial; --order: initial; --align-self: initial; flex-basis: var(--flex-basis); -webkit-box-flex: var(--flex-grow); flex-grow: var(--flex-grow); flex-shrink: var(--flex-shrink); -webkit-box-ordinal-group: var(--order); order: var(--order); align-self: var(--align-self); --widgets-spacing: 20px; color: #141617; font-family: Inter, Arial, Helvetica, sans-serif; letter-spacing: 0.24px;\" data-id=\"071d8e2\" data-element_type=\"section\"><div class=\"elementor-container elementor-column-gap-default\"><div class=\"elementor-column elementor-col-100 elementor-top-column elementor-element elementor-element-e684f79\" style=\"--flex-direction: initial; --flex-wrap: initial; --justify-content: initial; --align-items: initial; --align-content: initial; --gap: initial; --flex-basis: initial; --flex-grow: initial; --flex-shrink: initial; --order: initial; --align-self: initial; flex-basis: var(--flex-basis); -webkit-box-flex: var(--flex-grow); flex-grow: var(--flex-grow); flex-shrink: var(--flex-shrink); -webkit-box-ordinal-group: var(--order); order: var(--order); align-self: var(--align-self); --widgets-spacing: 20px; width: 1200px;\" data-id=\"e684f79\" data-element_type=\"column\"><div class=\"elementor-widget-wrap elementor-element-populated\" style=\"width: 1200px;\"><div class=\"elementor-element elementor-element-3ed6a9d elementor-widget elementor-widget-text-editor\" style=\"--flex-direction: initial; --flex-wrap: initial; --justify-content: initial; --align-items: initial; --align-content: initial; --gap: initial; --flex-basis: initial; --flex-grow: initial; --flex-shrink: initial; --order: initial; --align-self: initial; flex-basis: var(--flex-basis); -webkit-box-flex: var(--flex-grow); flex-grow: var(--flex-grow); flex-shrink: var(--flex-shrink); -webkit-box-ordinal-group: var(--order); order: var(--order); align-self: var(--align-self); flex-direction: var(--flex-direction); flex-wrap: var(--flex-wrap); -webkit-box-pack: var(--justify-content); justify-content: var(--justify-content); -webkit-box-align: var(--align-items); align-items: var(--align-items); align-content: var(--align-content); gap: var(--gap); --widgets-spacing: 20px; font-family: var( --e-global-typography-text-font-family ), Sans-serif; font-weight: var( --e-global-typography-text-font-weight ); width: 1180px;\" data-id=\"3ed6a9d\" data-element_type=\"widget\" data-widget_type=\"text-editor.default\"><div class=\"elementor-widget-container\"><p><span style=\"font-weight: bolder;\"><span style=\"text-decoration-line: underline;\">T\u00edtulo: O sentido do ensino superior para jovens universit\u00e1rios moradores de munic\u00edpios da regi\u00e3o metropolitana de Manaus<\/span><\/span><\/p><p>Autores: Consuelena Lopes Leit\u00e3o e Let\u00edcia Cardoso dos Santos<\/p><p>Refer\u00eancia completa com ISBN: LEIT\u00c3O, Consuelena Lopes; SANTOS, L. C. . O sentido do ensino superior para jovens universit\u00e1rios moradores de munic\u00edpios da regi\u00e3o metropolitana de Manaus.. In: Harald S\u00e1 Peixoto Pinheiro. (Org.). O sentido do ensino superior para jovens universit\u00e1rios moradores de munic\u00edpios da regi\u00e3o metropolitana de Manaus.. 1ed.Tut\u00f3ia: Di\u00e1logos, 2021, v. 1, . ISBN -ISBN 978-65-89932-12-3 (pp. 44-60)<span style=\"color: var( --e-global-color-text ); font-family: var( --e-global-typography-text-font-family ), Sans-serif; font-weight: var( --e-global-typography-text-font-weight ); background-color: var(--content_bg_color); font-size: var(--body_typography-font-size); font-style: var(--body_typography-font-style,normal); letter-spacing: var(--body_typography-letter-spacing);\">\u00a0<\/span><\/p><\/div><\/div><\/div><\/div><\/div><\/section><section class=\"elementor-section elementor-top-section elementor-element elementor-element-71f46bc elementor-section-boxed elementor-section-height-default elementor-section-height-default\" style=\"--flex-direction: initial; --flex-wrap: initial; --justify-content: initial; --align-items: initial; --align-content: initial; --gap: initial; --flex-basis: initial; --flex-grow: initial; --flex-shrink: initial; --order: initial; --align-self: initial; flex-basis: var(--flex-basis); -webkit-box-flex: var(--flex-grow); flex-grow: var(--flex-grow); flex-shrink: var(--flex-shrink); -webkit-box-ordinal-group: var(--order); order: var(--order); align-self: var(--align-self); --widgets-spacing: 20px; color: #141617; font-family: Inter, Arial, Helvetica, sans-serif; letter-spacing: 0.24px;\" data-id=\"71f46bc\" data-element_type=\"section\"><div class=\"elementor-container elementor-column-gap-default\"><div class=\"elementor-column elementor-col-100 elementor-top-column elementor-element elementor-element-397e40e\" style=\"--flex-direction: initial; --flex-wrap: initial; --justify-content: initial; --align-items: initial; --align-content: initial; --gap: initial; --flex-basis: initial; --flex-grow: initial; --flex-shrink: initial; --order: initial; --align-self: initial; flex-basis: var(--flex-basis); -webkit-box-flex: var(--flex-grow); flex-grow: var(--flex-grow); flex-shrink: var(--flex-shrink); -webkit-box-ordinal-group: var(--order); order: var(--order); align-self: var(--align-self); --widgets-spacing: 20px; width: 1200px;\" data-id=\"397e40e\" data-element_type=\"column\"><div class=\"elementor-widget-wrap elementor-element-populated\" style=\"width: 1200px;\"><div class=\"elementor-element elementor-element-51fa2d4 elementor-widget elementor-widget-text-editor\" style=\"--flex-direction: initial; --flex-wrap: initial; --justify-content: initial; --align-items: initial; --align-content: initial; --gap: initial; --flex-basis: initial; --flex-grow: initial; --flex-shrink: initial; --order: initial; --align-self: initial; flex-basis: var(--flex-basis); -webkit-box-flex: var(--flex-grow); flex-grow: var(--flex-grow); flex-shrink: var(--flex-shrink); -webkit-box-ordinal-group: var(--order); order: var(--order); align-self: var(--align-self); flex-direction: var(--flex-direction); flex-wrap: var(--flex-wrap); -webkit-box-pack: var(--justify-content); justify-content: var(--justify-content); -webkit-box-align: var(--align-items); align-items: var(--align-items); align-content: var(--align-content); gap: var(--gap); --widgets-spacing: 20px; font-family: var( --e-global-typography-text-font-family ), Sans-serif; font-weight: var( --e-global-typography-text-font-weight ); width: 1180px;\" data-id=\"51fa2d4\" data-element_type=\"widget\" data-widget_type=\"text-editor.default\"><div class=\"elementor-widget-container\"><p><span style=\"font-weight: bolder;\"><span style=\"text-decoration-line: underline;\">T\u00edtulo: Pol\u00edtica de Equidade de G\u00eanero da Ufam: Resist\u00eancia para Viol\u00eancias Institucionais Invisibilizadas<\/span><\/span><\/p><p>Autores: Consuelena Lopes Leit\u00e3o e Marck de Souza Torres<\/p><p>Refer\u00eancia completa com ISBN: In: Renan Albuquerque; S\u00e9rgio Bairon; Ricardo Alexino.. (Org.). Diversitas Episteme. 1ed.Manaus: Editora da Universidade Federal do Amazonas, 2021, v. V.1<\/p><p>ISBN: \u2013 978-65-89677-84-0 (pp. 89-108.)<\/p><\/div><\/div><\/div><\/div><\/div><\/section><\/div>\n\t\t\t\t\t\t\t\t\t<div class=\"elementor-tab-title elementor-tab-mobile-title\" aria-selected=\"false\" data-tab=\"5\" role=\"tab\" tabindex=\"-1\" aria-controls=\"elementor-tab-content-1955\" aria-expanded=\"false\">PUBLICA\u00c7\u00c3O DE TRABALHO COMPLETO EM ANAIS DE CONGRESSO\u200b<\/div>\n\t\t\t\t\t<div id=\"elementor-tab-content-1955\" class=\"elementor-tab-content elementor-clearfix\" data-tab=\"5\" role=\"tabpanel\" aria-labelledby=\"elementor-tab-title-1955\" tabindex=\"0\" hidden=\"hidden\"><p style=\"color: #6c6464; letter-spacing: 0.24px;\"><span style=\"font-weight: bolder;\"><span style=\"text-decoration-line: underline;\">Titulo: A POL\u00cdTICA P\u00daBLICA DE EDUCA\u00c7\u00c3O E O ENFRENTAMENTO \u00c0 VIOL\u00caNCIA SEXUAL CONTRA CRIAN\u00c7AS E ADOLESCENTES<\/span><\/span><\/p><p style=\"color: #6c6464; letter-spacing: 0.24px;\">Autores: Silva, Iolete Ribeiro da; OLIVEIRA, M.; CACAU, C. L.<\/p><p style=\"color: #6c6464; letter-spacing: 0.24px;\">Refer\u00eancia completa: Silva, Iolete Ribeiro da; OLIVEIRA, M.; CACAU, C. L.<\/p><p style=\"color: #6c6464; letter-spacing: 0.24px;\">A POL\u00cdTICA P\u00daBLICA DE EDUCA\u00c7\u00c3O E O ENFRENTAMENTO \u00c0 VIOL\u00caNCIA SEXUAL CONTRA CRIAN\u00c7AS E ADOLESCENTES In: 3\u00aa Reuni\u00e3oCient\u00edfica da ANPEd-Norte (2021), 2021, Palmas. Anais da 3\u00aa Reuni\u00e3o Cient\u00edfica da ANPEd-Norte (2021). Rio de Janeiro: ANPEd \u2013 Associa\u00e7\u00e3o Nacional de P\u00f3s-Gradua\u00e7\u00e3o e Pesquisa em Educa\u00e7\u00e3o, 2021. v.3. p.1 \u2013 7. Home page:[http:\/\/anais.anped.org.br\/regionais\/sites\/default\/files\/trabalhos\/21\/8645-TEXTO_PROPOSTA_COMPLETO.pdf]. ISSN: 2595-7945<\/p><\/div>\n\t\t\t\t\t\t\t\t\t<div class=\"elementor-tab-title elementor-tab-mobile-title\" aria-selected=\"false\" data-tab=\"6\" role=\"tab\" tabindex=\"-1\" aria-controls=\"elementor-tab-content-1956\" aria-expanded=\"false\">PUBLICA\u00c7\u00c3O DE RESUMO EM ANAIS DE CONGRESSO\u200b<\/div>\n\t\t\t\t\t<div id=\"elementor-tab-content-1956\" class=\"elementor-tab-content elementor-clearfix\" data-tab=\"6\" role=\"tabpanel\" aria-labelledby=\"elementor-tab-title-1956\" tabindex=\"0\" hidden=\"hidden\"><section class=\"elementor-section elementor-top-section elementor-element elementor-element-742d5be elementor-section-boxed elementor-section-height-default elementor-section-height-default\" style=\"--flex-direction: initial; --flex-wrap: initial; --justify-content: initial; --align-items: initial; --align-content: initial; --gap: initial; --flex-basis: initial; --flex-grow: initial; --flex-shrink: initial; --order: initial; --align-self: initial; flex-basis: var(--flex-basis); -webkit-box-flex: var(--flex-grow); flex-grow: var(--flex-grow); flex-shrink: var(--flex-shrink); -webkit-box-ordinal-group: var(--order); order: var(--order); align-self: var(--align-self); --widgets-spacing: 20px; color: #141617; font-family: Inter, Arial, Helvetica, sans-serif; letter-spacing: 0.24px;\" data-id=\"742d5be\" data-element_type=\"section\"><div class=\"elementor-container elementor-column-gap-default\"><div class=\"elementor-column elementor-col-100 elementor-top-column elementor-element elementor-element-e33d4e7\" style=\"--flex-direction: initial; --flex-wrap: initial; --justify-content: initial; --align-items: initial; --align-content: initial; --gap: initial; --flex-basis: initial; --flex-grow: initial; --flex-shrink: initial; --order: initial; --align-self: initial; flex-basis: var(--flex-basis); -webkit-box-flex: var(--flex-grow); flex-grow: var(--flex-grow); flex-shrink: var(--flex-shrink); -webkit-box-ordinal-group: var(--order); order: var(--order); align-self: var(--align-self); --widgets-spacing: 20px; width: 1200px;\" data-id=\"e33d4e7\" data-element_type=\"column\"><div class=\"elementor-widget-wrap elementor-element-populated\" style=\"width: 1200px;\"><div class=\"elementor-element elementor-element-54dc4dc elementor-widget elementor-widget-text-editor\" style=\"--flex-direction: initial; --flex-wrap: initial; --justify-content: initial; --align-items: initial; --align-content: initial; --gap: initial; --flex-basis: initial; --flex-grow: initial; --flex-shrink: initial; --order: initial; --align-self: initial; flex-basis: var(--flex-basis); -webkit-box-flex: var(--flex-grow); flex-grow: var(--flex-grow); flex-shrink: var(--flex-shrink); -webkit-box-ordinal-group: var(--order); order: var(--order); align-self: var(--align-self); flex-direction: var(--flex-direction); flex-wrap: var(--flex-wrap); -webkit-box-pack: var(--justify-content); justify-content: var(--justify-content); -webkit-box-align: var(--align-items); align-items: var(--align-items); align-content: var(--align-content); gap: var(--gap); --widgets-spacing: 20px; font-family: var( --e-global-typography-text-font-family ), Sans-serif; font-weight: var( --e-global-typography-text-font-weight ); width: 1180px;\" data-id=\"54dc4dc\" data-element_type=\"widget\" data-widget_type=\"text-editor.default\"><div class=\"elementor-widget-container\"><p><span style=\"font-weight: bolder;\"><span style=\"text-decoration-line: underline;\">T\u00edtulo: Os desafios da educa\u00e7\u00e3o escolar quilombola no contexto da pandemia da Covid- 19 em uma comunidade no munic\u00edpio de Barreirinha \u2013 AM<\/span><\/span><\/p><p>Autores: Silva, Iolete Ribeiro da ; ROLIM, D. T.; CARVALHO, T. J. P.<\/p><p>Refer\u00eancia completa: Silva, Iolete Ribeiro da ; ROLIM, D. T.; CARVALHO, T. J. P.<\/p><p>Os desafios da educa\u00e7\u00e3o escolar quilombola no contexto da pandemia da Covid- 19 em uma comunidade no munic\u00edpio de Barreirinha \u2013 AM In: 40\u00aa Reuni\u00e3o Nacional da ANPEd, 2021, Bel\u00e9m, PA. Anais da 40\u00aa Reuni\u00e3o Nacional da ANPEd. Rio de Janeiro: ANPED, 2021. v.1. p.1 \u2013 5. ISSN 2447-2808<span style=\"color: var( --e-global-color-text ); font-family: var( --e-global-typography-text-font-family ), Sans-serif; font-weight: var( --e-global-typography-text-font-weight ); background-color: var(--content_bg_color); font-size: var(--body_typography-font-size); font-style: var(--body_typography-font-style,normal); letter-spacing: var(--body_typography-letter-spacing);\">\u00a0<\/span><\/p><\/div><\/div><\/div><\/div><\/div><\/section><section class=\"elementor-section elementor-top-section elementor-element elementor-element-497f183 elementor-section-boxed elementor-section-height-default elementor-section-height-default\" style=\"--flex-direction: initial; --flex-wrap: initial; --justify-content: initial; --align-items: initial; --align-content: initial; --gap: initial; --flex-basis: initial; --flex-grow: initial; --flex-shrink: initial; --order: initial; --align-self: initial; flex-basis: var(--flex-basis); -webkit-box-flex: var(--flex-grow); flex-grow: var(--flex-grow); flex-shrink: var(--flex-shrink); -webkit-box-ordinal-group: var(--order); order: var(--order); align-self: var(--align-self); --widgets-spacing: 20px; color: #141617; font-family: Inter, Arial, Helvetica, sans-serif; letter-spacing: 0.24px;\" data-id=\"497f183\" data-element_type=\"section\"><div class=\"elementor-container elementor-column-gap-default\"><div class=\"elementor-column elementor-col-100 elementor-top-column elementor-element elementor-element-e3dcd3f\" style=\"--flex-direction: initial; --flex-wrap: initial; --justify-content: initial; --align-items: initial; --align-content: initial; --gap: initial; --flex-basis: initial; --flex-grow: initial; --flex-shrink: initial; --order: initial; --align-self: initial; flex-basis: var(--flex-basis); -webkit-box-flex: var(--flex-grow); flex-grow: var(--flex-grow); flex-shrink: var(--flex-shrink); -webkit-box-ordinal-group: var(--order); order: var(--order); align-self: var(--align-self); --widgets-spacing: 20px; width: 1200px;\" data-id=\"e3dcd3f\" data-element_type=\"column\"><div class=\"elementor-widget-wrap elementor-element-populated\" style=\"width: 1200px;\"><div class=\"elementor-element elementor-element-4016e98 elementor-widget elementor-widget-text-editor\" style=\"--flex-direction: initial; --flex-wrap: initial; --justify-content: initial; --align-items: initial; --align-content: initial; --gap: initial; --flex-basis: initial; --flex-grow: initial; --flex-shrink: initial; --order: initial; --align-self: initial; flex-basis: var(--flex-basis); -webkit-box-flex: var(--flex-grow); flex-grow: var(--flex-grow); flex-shrink: var(--flex-shrink); -webkit-box-ordinal-group: var(--order); order: var(--order); align-self: var(--align-self); flex-direction: var(--flex-direction); flex-wrap: var(--flex-wrap); -webkit-box-pack: var(--justify-content); justify-content: var(--justify-content); -webkit-box-align: var(--align-items); align-items: var(--align-items); align-content: var(--align-content); gap: var(--gap); --widgets-spacing: 20px; font-family: var( --e-global-typography-text-font-family ), Sans-serif; font-weight: var( --e-global-typography-text-font-weight ); width: 1180px;\" data-id=\"4016e98\" data-element_type=\"widget\" data-widget_type=\"text-editor.default\"><div class=\"elementor-widget-container\"><p><span style=\"font-weight: bolder;\"><span style=\"text-decoration-line: underline;\">T\u00edtulo: RACISMO \u00c9 UMA COISA DA MINHA CABE\u00c7A OU DA SUA?<\/span><\/span><\/p><p>Autores: Iolete Ribeiro Da Silva, Andr\u00e9a Ferreira Lima Esmeraldo, Cinthia Vilas Boas<\/p><p>Refer\u00eancia completa: Anais do XI Simp\u00f3sio Brasileiro de Psicologia Pol\u00edtica. Anais\u2026Belo Horizonte(MG) Online, 2021 Dispon\u00edvel em &lt;www.even3.com.br\/anais\/sbpp&gt; ISBN: 978-65-5941-340-9<\/p><\/div><\/div><\/div><\/div><\/div><\/section><\/div>\n\t\t\t\t\t\t\t<\/div>\n\t\t<\/div>\n\t\t\t\t\t\t<\/div>\n\t\t\t\t<\/div>\n\t\t\t\t<div class=\"elementor-element elementor-element-bfb0b22 elementor-widget elementor-widget-spacer\" data-id=\"bfb0b22\" data-element_type=\"widget\" data-e-type=\"widget\" data-widget_type=\"spacer.default\">\n\t\t\t\t<div class=\"elementor-widget-container\">\n\t\t\t\t\t\t\t<div class=\"elementor-spacer\">\n\t\t\t<div class=\"elementor-spacer-inner\"><\/div>\n\t\t<\/div>\n\t\t\t\t\t\t<\/div>\n\t\t\t\t<\/div>\n\t\t\t\t\t<\/div>\n\t\t<\/div>\n\t\t\t\t\t<\/div>\n\t\t<\/section>\n\t\t\t\t<section class=\"elementor-section elementor-top-section elementor-element elementor-element-942757d elementor-section-boxed elementor-section-height-default elementor-section-height-default\" data-id=\"942757d\" data-element_type=\"section\" data-e-type=\"section\">\n\t\t\t\t\t\t<div class=\"elementor-container elementor-column-gap-default\">\n\t\t\t\t\t<div class=\"elementor-column elementor-col-100 elementor-top-column elementor-element elementor-element-7d980a4\" data-id=\"7d980a4\" data-element_type=\"column\" data-e-type=\"column\">\n\t\t\t<div class=\"elementor-widget-wrap elementor-element-populated\">\n\t\t\t\t\t\t<div class=\"elementor-element elementor-element-b0ad640 elementor-view-framed elementor-fixed elementor-shape-circle elementor-widget elementor-widget-icon\" data-id=\"b0ad640\" data-element_type=\"widget\" data-e-type=\"widget\" id=\"#HOME-P\" data-settings=\"{&quot;_position&quot;:&quot;fixed&quot;}\" data-widget_type=\"icon.default\">\n\t\t\t\t<div class=\"elementor-widget-container\">\n\t\t\t\t\t\t\t<div class=\"elementor-icon-wrapper\">\n\t\t\t<a class=\"elementor-icon\" href=\"#home\">\n\t\t\t<svg aria-hidden=\"true\" class=\"e-font-icon-svg e-fas-angle-double-up\" viewBox=\"0 0 320 512\" xmlns=\"http:\/\/www.w3.org\/2000\/svg\"><path d=\"M177 255.7l136 136c9.4 9.4 9.4 24.6 0 33.9l-22.6 22.6c-9.4 9.4-24.6 9.4-33.9 0L160 351.9l-96.4 96.4c-9.4 9.4-24.6 9.4-33.9 0L7 425.7c-9.4-9.4-9.4-24.6 0-33.9l136-136c9.4-9.5 24.6-9.5 34-.1zm-34-192L7 199.7c-9.4 9.4-9.4 24.6 0 33.9l22.6 22.6c9.4 9.4 24.6 9.4 33.9 0l96.4-96.4 96.4 96.4c9.4 9.4 24.6 9.4 33.9 0l22.6-22.6c9.4-9.4 9.4-24.6 0-33.9l-136-136c-9.2-9.4-24.4-9.4-33.8 0z\"><\/path><\/svg>\t\t\t<\/a>\n\t\t<\/div>\n\t\t\t\t\t\t<\/div>\n\t\t\t\t<\/div>\n\t\t\t\t\t<\/div>\n\t\t<\/div>\n\t\t\t\t\t<\/div>\n\t\t<\/section>\n\t\t\t\t<section class=\"elementor-section elementor-top-section elementor-element elementor-element-a77d323 elementor-section-boxed elementor-section-height-default elementor-section-height-default\" data-id=\"a77d323\" data-element_type=\"section\" data-e-type=\"section\">\n\t\t\t\t\t\t<div class=\"elementor-container elementor-column-gap-default\">\n\t\t\t\t\t<div class=\"elementor-column elementor-col-100 elementor-top-column elementor-element elementor-element-286c93f\" data-id=\"286c93f\" data-element_type=\"column\" data-e-type=\"column\">\n\t\t\t<div class=\"elementor-widget-wrap elementor-element-populated\">\n\t\t\t\t\t\t<div class=\"elementor-element elementor-element-d969443 elementor-view-framed elementor-fixed elementor-shape-circle elementor-widget elementor-widget-icon\" data-id=\"d969443\" data-element_type=\"widget\" data-e-type=\"widget\" data-settings=\"{&quot;_position&quot;:&quot;fixed&quot;}\" data-widget_type=\"icon.default\">\n\t\t\t\t<div class=\"elementor-widget-container\">\n\t\t\t\t\t\t\t<div class=\"elementor-icon-wrapper\">\n\t\t\t<a class=\"elementor-icon\" href=\"#home1\">\n\t\t\t<svg aria-hidden=\"true\" class=\"e-font-icon-svg e-fas-angle-double-up\" viewBox=\"0 0 320 512\" xmlns=\"http:\/\/www.w3.org\/2000\/svg\"><path d=\"M177 255.7l136 136c9.4 9.4 9.4 24.6 0 33.9l-22.6 22.6c-9.4 9.4-24.6 9.4-33.9 0L160 351.9l-96.4 96.4c-9.4 9.4-24.6 9.4-33.9 0L7 425.7c-9.4-9.4-9.4-24.6 0-33.9l136-136c9.4-9.5 24.6-9.5 34-.1zm-34-192L7 199.7c-9.4 9.4-9.4 24.6 0 33.9l22.6 22.6c9.4 9.4 24.6 9.4 33.9 0l96.4-96.4 96.4 96.4c9.4 9.4 24.6 9.4 33.9 0l22.6-22.6c9.4-9.4 9.4-24.6 0-33.9l-136-136c-9.2-9.4-24.4-9.4-33.8 0z\"><\/path><\/svg>\t\t\t<\/a>\n\t\t<\/div>\n\t\t\t\t\t\t<\/div>\n\t\t\t\t<\/div>\n\t\t\t\t<div class=\"elementor-element elementor-element-81f3ad6 elementor-view-framed elementor-fixed elementor-shape-circle elementor-widget elementor-widget-icon\" data-id=\"81f3ad6\" data-element_type=\"widget\" data-e-type=\"widget\" data-settings=\"{&quot;_position&quot;:&quot;fixed&quot;}\" data-widget_type=\"icon.default\">\n\t\t\t\t<div class=\"elementor-widget-container\">\n\t\t\t\t\t\t\t<div class=\"elementor-icon-wrapper\">\n\t\t\t<a class=\"elementor-icon\" href=\"#home1\">\n\t\t\t<svg aria-hidden=\"true\" class=\"e-font-icon-svg e-fas-angle-double-up\" viewBox=\"0 0 320 512\" xmlns=\"http:\/\/www.w3.org\/2000\/svg\"><path d=\"M177 255.7l136 136c9.4 9.4 9.4 24.6 0 33.9l-22.6 22.6c-9.4 9.4-24.6 9.4-33.9 0L160 351.9l-96.4 96.4c-9.4 9.4-24.6 9.4-33.9 0L7 425.7c-9.4-9.4-9.4-24.6 0-33.9l136-136c9.4-9.5 24.6-9.5 34-.1zm-34-192L7 199.7c-9.4 9.4-9.4 24.6 0 33.9l22.6 22.6c9.4 9.4 24.6 9.4 33.9 0l96.4-96.4 96.4 96.4c9.4 9.4 24.6 9.4 33.9 0l22.6-22.6c9.4-9.4 9.4-24.6 0-33.9l-136-136c-9.2-9.4-24.4-9.4-33.8 0z\"><\/path><\/svg>\t\t\t<\/a>\n\t\t<\/div>\n\t\t\t\t\t\t<\/div>\n\t\t\t\t<\/div>\n\t\t\t\t<div class=\"elementor-element elementor-element-dc5db90 elementor-view-framed elementor-fixed elementor-shape-circle elementor-widget elementor-widget-icon\" data-id=\"dc5db90\" data-element_type=\"widget\" data-e-type=\"widget\" data-settings=\"{&quot;_position&quot;:&quot;fixed&quot;}\" data-widget_type=\"icon.default\">\n\t\t\t\t<div class=\"elementor-widget-container\">\n\t\t\t\t\t\t\t<div class=\"elementor-icon-wrapper\">\n\t\t\t<a class=\"elementor-icon\" href=\"#home1\">\n\t\t\t<svg aria-hidden=\"true\" class=\"e-font-icon-svg e-fas-angle-double-up\" viewBox=\"0 0 320 512\" xmlns=\"http:\/\/www.w3.org\/2000\/svg\"><path d=\"M177 255.7l136 136c9.4 9.4 9.4 24.6 0 33.9l-22.6 22.6c-9.4 9.4-24.6 9.4-33.9 0L160 351.9l-96.4 96.4c-9.4 9.4-24.6 9.4-33.9 0L7 425.7c-9.4-9.4-9.4-24.6 0-33.9l136-136c9.4-9.5 24.6-9.5 34-.1zm-34-192L7 199.7c-9.4 9.4-9.4 24.6 0 33.9l22.6 22.6c9.4 9.4 24.6 9.4 33.9 0l96.4-96.4 96.4 96.4c9.4 9.4 24.6 9.4 33.9 0l22.6-22.6c9.4-9.4 9.4-24.6 0-33.9l-136-136c-9.2-9.4-24.4-9.4-33.8 0z\"><\/path><\/svg>\t\t\t<\/a>\n\t\t<\/div>\n\t\t\t\t\t\t<\/div>\n\t\t\t\t<\/div>\n\t\t\t\t<div class=\"elementor-element elementor-element-0b6b10a elementor-view-framed elementor-fixed elementor-shape-circle elementor-widget elementor-widget-icon\" data-id=\"0b6b10a\" data-element_type=\"widget\" data-e-type=\"widget\" data-settings=\"{&quot;_position&quot;:&quot;fixed&quot;}\" data-widget_type=\"icon.default\">\n\t\t\t\t<div class=\"elementor-widget-container\">\n\t\t\t\t\t\t\t<div class=\"elementor-icon-wrapper\">\n\t\t\t<a class=\"elementor-icon\" href=\"#home1\">\n\t\t\t<svg aria-hidden=\"true\" class=\"e-font-icon-svg e-fas-angle-double-up\" viewBox=\"0 0 320 512\" xmlns=\"http:\/\/www.w3.org\/2000\/svg\"><path d=\"M177 255.7l136 136c9.4 9.4 9.4 24.6 0 33.9l-22.6 22.6c-9.4 9.4-24.6 9.4-33.9 0L160 351.9l-96.4 96.4c-9.4 9.4-24.6 9.4-33.9 0L7 425.7c-9.4-9.4-9.4-24.6 0-33.9l136-136c9.4-9.5 24.6-9.5 34-.1zm-34-192L7 199.7c-9.4 9.4-9.4 24.6 0 33.9l22.6 22.6c9.4 9.4 24.6 9.4 33.9 0l96.4-96.4 96.4 96.4c9.4 9.4 24.6 9.4 33.9 0l22.6-22.6c9.4-9.4 9.4-24.6 0-33.9l-136-136c-9.2-9.4-24.4-9.4-33.8 0z\"><\/path><\/svg>\t\t\t<\/a>\n\t\t<\/div>\n\t\t\t\t\t\t<\/div>\n\t\t\t\t<\/div>\n\t\t\t\t<div class=\"elementor-element elementor-element-7ab8b95 elementor-view-framed elementor-fixed elementor-shape-circle elementor-widget elementor-widget-icon\" data-id=\"7ab8b95\" data-element_type=\"widget\" data-e-type=\"widget\" data-settings=\"{&quot;_position&quot;:&quot;fixed&quot;}\" data-widget_type=\"icon.default\">\n\t\t\t\t<div class=\"elementor-widget-container\">\n\t\t\t\t\t\t\t<div class=\"elementor-icon-wrapper\">\n\t\t\t<a class=\"elementor-icon\" href=\"#home1\">\n\t\t\t<svg aria-hidden=\"true\" class=\"e-font-icon-svg e-fas-angle-double-up\" viewBox=\"0 0 320 512\" xmlns=\"http:\/\/www.w3.org\/2000\/svg\"><path d=\"M177 255.7l136 136c9.4 9.4 9.4 24.6 0 33.9l-22.6 22.6c-9.4 9.4-24.6 9.4-33.9 0L160 351.9l-96.4 96.4c-9.4 9.4-24.6 9.4-33.9 0L7 425.7c-9.4-9.4-9.4-24.6 0-33.9l136-136c9.4-9.5 24.6-9.5 34-.1zm-34-192L7 199.7c-9.4 9.4-9.4 24.6 0 33.9l22.6 22.6c9.4 9.4 24.6 9.4 33.9 0l96.4-96.4 96.4 96.4c9.4 9.4 24.6 9.4 33.9 0l22.6-22.6c9.4-9.4 9.4-24.6 0-33.9l-136-136c-9.2-9.4-24.4-9.4-33.8 0z\"><\/path><\/svg>\t\t\t<\/a>\n\t\t<\/div>\n\t\t\t\t\t\t<\/div>\n\t\t\t\t<\/div>\n\t\t\t\t<div class=\"elementor-element elementor-element-fc7a971 elementor-view-framed elementor-fixed elementor-shape-circle elementor-widget elementor-widget-icon\" data-id=\"fc7a971\" data-element_type=\"widget\" data-e-type=\"widget\" data-settings=\"{&quot;_position&quot;:&quot;fixed&quot;}\" data-widget_type=\"icon.default\">\n\t\t\t\t<div class=\"elementor-widget-container\">\n\t\t\t\t\t\t\t<div class=\"elementor-icon-wrapper\">\n\t\t\t<a class=\"elementor-icon\" href=\"#home1\">\n\t\t\t<svg aria-hidden=\"true\" class=\"e-font-icon-svg e-fas-angle-double-up\" viewBox=\"0 0 320 512\" xmlns=\"http:\/\/www.w3.org\/2000\/svg\"><path d=\"M177 255.7l136 136c9.4 9.4 9.4 24.6 0 33.9l-22.6 22.6c-9.4 9.4-24.6 9.4-33.9 0L160 351.9l-96.4 96.4c-9.4 9.4-24.6 9.4-33.9 0L7 425.7c-9.4-9.4-9.4-24.6 0-33.9l136-136c9.4-9.5 24.6-9.5 34-.1zm-34-192L7 199.7c-9.4 9.4-9.4 24.6 0 33.9l22.6 22.6c9.4 9.4 24.6 9.4 33.9 0l96.4-96.4 96.4 96.4c9.4 9.4 24.6 9.4 33.9 0l22.6-22.6c9.4-9.4 9.4-24.6 0-33.9l-136-136c-9.2-9.4-24.4-9.4-33.8 0z\"><\/path><\/svg>\t\t\t<\/a>\n\t\t<\/div>\n\t\t\t\t\t\t<\/div>\n\t\t\t\t<\/div>\n\t\t\t\t<div class=\"elementor-element elementor-element-0a9ec51 elementor-view-framed elementor-fixed elementor-shape-circle elementor-widget elementor-widget-icon\" data-id=\"0a9ec51\" data-element_type=\"widget\" data-e-type=\"widget\" data-settings=\"{&quot;_position&quot;:&quot;fixed&quot;}\" data-widget_type=\"icon.default\">\n\t\t\t\t<div class=\"elementor-widget-container\">\n\t\t\t\t\t\t\t<div class=\"elementor-icon-wrapper\">\n\t\t\t<a class=\"elementor-icon\" href=\"#home1\">\n\t\t\t<svg aria-hidden=\"true\" class=\"e-font-icon-svg e-fas-angle-double-up\" viewBox=\"0 0 320 512\" xmlns=\"http:\/\/www.w3.org\/2000\/svg\"><path d=\"M177 255.7l136 136c9.4 9.4 9.4 24.6 0 33.9l-22.6 22.6c-9.4 9.4-24.6 9.4-33.9 0L160 351.9l-96.4 96.4c-9.4 9.4-24.6 9.4-33.9 0L7 425.7c-9.4-9.4-9.4-24.6 0-33.9l136-136c9.4-9.5 24.6-9.5 34-.1zm-34-192L7 199.7c-9.4 9.4-9.4 24.6 0 33.9l22.6 22.6c9.4 9.4 24.6 9.4 33.9 0l96.4-96.4 96.4 96.4c9.4 9.4 24.6 9.4 33.9 0l22.6-22.6c9.4-9.4 9.4-24.6 0-33.9l-136-136c-9.2-9.4-24.4-9.4-33.8 0z\"><\/path><\/svg>\t\t\t<\/a>\n\t\t<\/div>\n\t\t\t\t\t\t<\/div>\n\t\t\t\t<\/div>\n\t\t\t\t\t<\/div>\n\t\t<\/div>\n\t\t\t\t\t<\/div>\n\t\t<\/section>\n\t\t\t\t<\/div>\n\t\t","protected":false},"excerpt":{"rendered":"<p>Laborat\u00f3rio de Desenvolvimento Humano e Educa\u00e7\u00e3o (LADHU) &#8211; FAPSI\/UFAM PUBLICA\u00c7\u00d5ES [&hellip;]<\/p>\n","protected":false},"author":2,"featured_media":0,"parent":0,"menu_order":0,"comment_status":"closed","ping_status":"closed","template":"","meta":{"om_disable_all_campaigns":false,"_monsterinsights_skip_tracking":false,"_monsterinsights_sitenote_active":false,"_monsterinsights_sitenote_note":"","_monsterinsights_sitenote_category":0,"footnotes":""},"class_list":["post-134","page","type-page","status-publish","hentry"],"aioseo_notices":[],"_links":{"self":[{"href":"https:\/\/ladhu.com.br\/index.php?rest_route=\/wp\/v2\/pages\/134","targetHints":{"allow":["GET"]}}],"collection":[{"href":"https:\/\/ladhu.com.br\/index.php?rest_route=\/wp\/v2\/pages"}],"about":[{"href":"https:\/\/ladhu.com.br\/index.php?rest_route=\/wp\/v2\/types\/page"}],"author":[{"embeddable":true,"href":"https:\/\/ladhu.com.br\/index.php?rest_route=\/wp\/v2\/users\/2"}],"replies":[{"embeddable":true,"href":"https:\/\/ladhu.com.br\/index.php?rest_route=%2Fwp%2Fv2%2Fcomments&post=134"}],"version-history":[{"count":170,"href":"https:\/\/ladhu.com.br\/index.php?rest_route=\/wp\/v2\/pages\/134\/revisions"}],"predecessor-version":[{"id":2234,"href":"https:\/\/ladhu.com.br\/index.php?rest_route=\/wp\/v2\/pages\/134\/revisions\/2234"}],"wp:attachment":[{"href":"https:\/\/ladhu.com.br\/index.php?rest_route=%2Fwp%2Fv2%2Fmedia&parent=134"}],"curies":[{"name":"wp","href":"https:\/\/api.w.org\/{rel}","templated":true}]}}